{"id":977,"date":"2016-08-03T15:45:48","date_gmt":"2016-08-03T15:45:48","guid":{"rendered":"http:\/\/iordel.com\/?post_type=avada_portfolio&#038;p=121"},"modified":"2021-12-20T13:59:36","modified_gmt":"2021-12-20T12:59:36","slug":"latest","status":"publish","type":"avada_portfolio","link":"https:\/\/iordel.com\/es\/treatment\/latest\/","title":{"rendered":"Lo \u00daltimo"},"content":{"rendered":"<p><div class=\"fusion-fullwidth fullwidth-box fusion-builder-row-1 fusion-flex-container fusion-parallax-none hundred-percent-fullwidth non-hundred-percent-height-scrolling fusion-no-small-visibility fusion-no-medium-visibility\" style=\"--awb-background-position:left top;--awb-border-sizes-top:0px;--awb-border-sizes-bottom:0px;--awb-border-sizes-left:0px;--awb-border-sizes-right:0px;--awb-border-radius-top-left:0px;--awb-border-radius-top-right:0px;--awb-border-radius-bottom-right:0px;--awb-border-radius-bottom-left:0px;--awb-padding-top:100px;--awb-padding-right:5%;--awb-padding-bottom:70px;--awb-padding-left:5%;--awb-background-color:#5c5b5c;--awb-background-image:url(&quot;http:\/\/iordel.com\/wp-content\/uploads\/2019\/02\/backgroundgray-05-1024x420.jpg&quot;);--awb-background-size:cover;--awb-flex-wrap:wrap;\" ><div class=\"fusion-builder-row fusion-row fusion-flex-align-items-stretch fusion-flex-content-wrap\" style=\"width:104% !important;max-width:104% !important;margin-left: calc(-4% \/ 2 );margin-right: calc(-4% \/ 2 );\"><div class=\"fusion-layout-column fusion_builder_column fusion-builder-column-0 fusion_builder_column_2_3 2_3 fusion-flex-column\" style=\"--awb-bg-size:cover;--awb-width-large:66.666666666667%;--awb-margin-top-large:0px;--awb-spacing-right-large:3.84%;--awb-margin-bottom-large:0px;--awb-spacing-left-large:2.88%;--awb-width-medium:100%;--awb-spacing-right-medium:1.92%;--awb-spacing-left-medium:1.92%;--awb-width-small:100%;--awb-spacing-right-small:1.92%;--awb-spacing-left-small:1.92%;\"><div class=\"fusion-column-wrapper fusion-flex-justify-content-center fusion-content-layout-column\"><div class=\"fusion-text fusion-text-1\"><h2><span style=\"color: #ffffff;\">\u00daltimos Cuadros <\/span><\/h2>\n<h4 style=\"text-align: center;\"><span style=\"color: #ffffff;\">Alguno de estos cuadros pueden que esten en venta.<\/span><\/h4>\n<\/div><\/div><\/div><\/div><\/div><div class=\"fusion-fullwidth fullwidth-box fusion-builder-row-2 fusion-flex-container nonhundred-percent-fullwidth non-hundred-percent-height-scrolling\" style=\"--awb-border-radius-top-left:0px;--awb-border-radius-top-right:0px;--awb-border-radius-bottom-right:0px;--awb-border-radius-bottom-left:0px;--awb-flex-wrap:wrap;\" ><div class=\"fusion-builder-row fusion-row fusion-flex-align-items-flex-start fusion-flex-content-wrap\" style=\"max-width:calc( 1170px + 0px );margin-left: calc(-0px \/ 2 );margin-right: calc(-0px \/ 2 );\"><div class=\"fusion-layout-column fusion_builder_column fusion-builder-column-1 fusion_builder_column_1_1 1_1 fusion-flex-column\" style=\"--awb-bg-size:cover;--awb-width-large:100%;--awb-margin-top-large:20px;--awb-spacing-right-large:0px;--awb-margin-bottom-large:20px;--awb-spacing-left-large:0px;--awb-width-medium:100%;--awb-spacing-right-medium:0px;--awb-spacing-left-medium:0px;--awb-width-small:100%;--awb-spacing-right-small:0px;--awb-spacing-left-small:0px;\"><div class=\"fusion-column-wrapper fusion-column-has-shadow fusion-flex-justify-content-flex-start fusion-content-layout-column\"><div class=\"fusion-blog-shortcode fusion-blog-shortcode-1 fusion-blog-archive fusion-blog-layout-grid-wrapper fusion-blog-no\"><style type=\"text\/css\">.fusion-blog-shortcode-1 .fusion-blog-layout-grid .fusion-post-grid{padding:5px;}.fusion-blog-shortcode-1 .fusion-posts-container{margin-left: -5px !important; margin-right:-5px !important;}<\/style><div class=\"fusion-posts-container fusion-posts-container-no fusion-no-meta-info fusion-blog-rollover fusion-blog-layout-grid fusion-blog-layout-grid-2 isotope\" data-pages=\"2\" data-grid-col-space=\"10\" style=\"margin: -5px -5px 0;min-height:500px;\"><article id=\"blog-1-post-31104\" class=\"fusion-post-grid post-31104 post type-post status-publish format-standard has-post-thumbnail hentry category-costa-del-sol-pueblos-blancos-en category-latest-en category-music-en\">\n<div class=\"fusion-post-wrapper\" style=\"background-color:rgba(255,255,255,1);border:1px solid #ebeaea;border-bottom-width:3px;\">\n\n\t\t\t<div class=\"fusion-flexslider flexslider fusion-flexslider-loading fusion-post-slideshow\" style=\"border-color:#ebeaea;\">\n\t\t<ul class=\"slides\">\n\t\t\t\n\t\t\t\t\t\t\t\t\t\t\t\t\t\t<li><div  class=\"fusion-image-wrapper\" aria-haspopup=\"true\">\n\t\t\t\t<img decoding=\"async\" width=\"1652\" height=\"1081\" src=\"https:\/\/iordel.com\/wp-content\/uploads\/2023\/04\/Serenata-del-Mediterraneo-web.jpg\" class=\"attachment-full size-full wp-post-image\" alt=\"\" srcset=\"https:\/\/iordel.com\/wp-content\/uploads\/2023\/04\/Serenata-del-Mediterraneo-web-200x131.jpg 200w, https:\/\/iordel.com\/wp-content\/uploads\/2023\/04\/Serenata-del-Mediterraneo-web-400x262.jpg 400w, https:\/\/iordel.com\/wp-content\/uploads\/2023\/04\/Serenata-del-Mediterraneo-web-600x393.jpg 600w, https:\/\/iordel.com\/wp-content\/uploads\/2023\/04\/Serenata-del-Mediterraneo-web-800x523.jpg 800w, https:\/\/iordel.com\/wp-content\/uploads\/2023\/04\/Serenata-del-Mediterraneo-web-1200x785.jpg 1200w, https:\/\/iordel.com\/wp-content\/uploads\/2023\/04\/Serenata-del-Mediterraneo-web.jpg 1652w\" sizes=\"(min-width: 2200px) 100vw, (min-width: 712px) 580px, (min-width: 640px) 712px, \" \/><div class=\"fusion-rollover\">\n\t<div class=\"fusion-rollover-content\">\n\n\t\t\t\t\n\t\t\n\t\t\t\t\t\t\t\t\t\t\t\t<h4 class=\"fusion-rollover-title\">\n\t\t\t\t\t<a class=\"fusion-rollover-title-link\" href=\"https:\/\/iordel.com\/es\/mediterranean-serenade\/\">\n\t\t\t\t\t\tN154 &#8211; Mediterranean Serenade\t\t\t\t\t<\/a>\n\t\t\t\t<\/h4>\n\t\t\t\n\t\t\t\t\t\t\t\t\n\t\t\n\t\t\t\t\t\t<a class=\"fusion-link-wrapper\" href=\"https:\/\/iordel.com\/es\/mediterranean-serenade\/\" aria-label=\"N154 \u2013 Serenata Mediterr\u00e1nea\"><\/a>\n\t<\/div>\n<\/div>\n<\/div>\n<\/li>\n\t\t\t\n\t\t\t\n\t\t\t\t\t\t\t\t\t\t\t\t\t\t\t\t\t\t\t\t\t\t\t\t\t\t\t\t\t\t\t\t\t\t\t\t\t\t\t\t\t\t\t\t\t\t\t\t\t\t\t\t\t\t\t\t\t\t\t\t\t\t\t\t\t\t\t\t<\/ul>\n\t<\/div>\n\t<div class=\"fusion-post-content-wrapper\" style=\"padding:2% 2% 2% 2%;\"><div class=\"fusion-post-content post-content\"><h2 class=\"blog-shortcode-post-title entry-title\"><a href=\"https:\/\/iordel.com\/es\/mediterranean-serenade\/\">N154 &#8211; Mediterranean Serenade<\/a><\/h2><div class=\"fusion-post-content-container\"><p>En un lugar imaginario de la Costa del Sol. Una banda toca una serenata mediterr\u00e1nea en una de las casas del acantilado mientras todos los vecinos salen a escuchar su melod\u00eda. Vista de las columnas de H\u00e9rcules desde alg\u00fan lugar de la Costa del Sol.<\/p><\/div><\/div><\/div><div class=\"fusion-clearfix\"><\/div><\/div>\n<\/article>\n<article id=\"blog-1-post-30108\" class=\"fusion-post-grid post-30108 post type-post status-publish format-standard has-post-thumbnail hentry category-campo-de-gibraltar-en category-flamenco-en category-latest-en\">\n<div class=\"fusion-post-wrapper\" style=\"background-color:rgba(255,255,255,1);border:1px solid #ebeaea;border-bottom-width:3px;\">\n\n\t\t\t<div class=\"fusion-flexslider flexslider fusion-flexslider-loading fusion-post-slideshow\" style=\"border-color:#ebeaea;\">\n\t\t<ul class=\"slides\">\n\t\t\t\n\t\t\t\t\t\t\t\t\t\t\t\t\t\t<li><div  class=\"fusion-image-wrapper\" aria-haspopup=\"true\">\n\t\t\t\t<img decoding=\"async\" width=\"800\" height=\"1200\" src=\"https:\/\/iordel.com\/wp-content\/uploads\/2022\/09\/Noche-de-feria-web.jpg\" class=\"attachment-full size-full wp-post-image\" alt=\"\" srcset=\"https:\/\/iordel.com\/wp-content\/uploads\/2022\/09\/Noche-de-feria-web-200x300.jpg 200w, https:\/\/iordel.com\/wp-content\/uploads\/2022\/09\/Noche-de-feria-web-400x600.jpg 400w, https:\/\/iordel.com\/wp-content\/uploads\/2022\/09\/Noche-de-feria-web-600x900.jpg 600w, https:\/\/iordel.com\/wp-content\/uploads\/2022\/09\/Noche-de-feria-web.jpg 800w\" sizes=\"(min-width: 2200px) 100vw, (min-width: 712px) 580px, (min-width: 640px) 712px, \" \/><div class=\"fusion-rollover\">\n\t<div class=\"fusion-rollover-content\">\n\n\t\t\t\t\n\t\t\n\t\t\t\t\t\t\t\t\t\t\t\t<h4 class=\"fusion-rollover-title\">\n\t\t\t\t\t<a class=\"fusion-rollover-title-link\" href=\"https:\/\/iordel.com\/es\/n150-noche-de-feria\/\">\n\t\t\t\t\t\tN150 &#8211; Noche de Feria\t\t\t\t\t<\/a>\n\t\t\t\t<\/h4>\n\t\t\t\n\t\t\t\t\t\t\t\t\n\t\t\n\t\t\t\t\t\t<a class=\"fusion-link-wrapper\" href=\"https:\/\/iordel.com\/es\/n150-noche-de-feria\/\" aria-label=\"N150 \u2013 Noche de Feria\"><\/a>\n\t<\/div>\n<\/div>\n<\/div>\n<\/li>\n\t\t\t\n\t\t\t\n\t\t\t\t\t\t\t\t\t\t\t\t\t\t\t\t\t\t\t\t\t\t\t\t\t\t\t\t\t\t\t\t\t\t\t\t\t\t\t\t\t\t\t\t\t\t\t\t\t\t\t\t\t\t\t\t\t\t\t\t\t\t\t\t\t\t\t\t<\/ul>\n\t<\/div>\n\t<div class=\"fusion-post-content-wrapper\" style=\"padding:2% 2% 2% 2%;\"><div class=\"fusion-post-content post-content\"><h2 class=\"blog-shortcode-post-title entry-title\"><a href=\"https:\/\/iordel.com\/es\/n150-noche-de-feria\/\">N150 &#8211; Noche de Feria<\/a><\/h2><div class=\"fusion-post-content-container\"><p>La Feria de La L\u00ednea, tambi\u00e9n conocida como La Salvaora o La Velada es una Feria y una de las celebraciones m\u00e1s importantes del municipio espa\u00f1ol de La L\u00ednea de la Concepci\u00f3n.<\/p><\/div><\/div><\/div><div class=\"fusion-clearfix\"><\/div><\/div>\n<\/article>\n<article id=\"blog-1-post-30105\" class=\"fusion-post-grid post-30105 post type-post status-publish format-standard has-post-thumbnail hentry category-campo-de-gibraltar-en category-latest-en\">\n<div class=\"fusion-post-wrapper\" style=\"background-color:rgba(255,255,255,1);border:1px solid #ebeaea;border-bottom-width:3px;\">\n\n\t\t\t<div class=\"fusion-flexslider flexslider fusion-flexslider-loading fusion-post-slideshow\" style=\"border-color:#ebeaea;\">\n\t\t<ul class=\"slides\">\n\t\t\t\n\t\t\t\t\t\t\t\t\t\t\t\t\t\t<li><div  class=\"fusion-image-wrapper\" aria-haspopup=\"true\">\n\t\t\t\t<img decoding=\"async\" width=\"1200\" height=\"791\" src=\"https:\/\/iordel.com\/wp-content\/uploads\/2022\/09\/Torre-de-la-Sal-Web.jpg\" class=\"attachment-full size-full wp-post-image\" alt=\"\" srcset=\"https:\/\/iordel.com\/wp-content\/uploads\/2022\/09\/Torre-de-la-Sal-Web-200x132.jpg 200w, https:\/\/iordel.com\/wp-content\/uploads\/2022\/09\/Torre-de-la-Sal-Web-400x264.jpg 400w, https:\/\/iordel.com\/wp-content\/uploads\/2022\/09\/Torre-de-la-Sal-Web-600x396.jpg 600w, https:\/\/iordel.com\/wp-content\/uploads\/2022\/09\/Torre-de-la-Sal-Web-800x528.jpg 800w, https:\/\/iordel.com\/wp-content\/uploads\/2022\/09\/Torre-de-la-Sal-Web.jpg 1200w\" sizes=\"(min-width: 2200px) 100vw, (min-width: 712px) 580px, (min-width: 640px) 712px, \" \/><div class=\"fusion-rollover\">\n\t<div class=\"fusion-rollover-content\">\n\n\t\t\t\t\n\t\t\n\t\t\t\t\t\t\t\t\t\t\t\t<h4 class=\"fusion-rollover-title\">\n\t\t\t\t\t<a class=\"fusion-rollover-title-link\" href=\"https:\/\/iordel.com\/es\/n149-the-salt-tower\/\">\n\t\t\t\t\t\tN149 &#8211; The Salt Tower\t\t\t\t\t<\/a>\n\t\t\t\t<\/h4>\n\t\t\t\n\t\t\t\t\t\t\t\t\n\t\t\n\t\t\t\t\t\t<a class=\"fusion-link-wrapper\" href=\"https:\/\/iordel.com\/es\/n149-the-salt-tower\/\" aria-label=\"N149 \u2013 La Torre de la Sal\"><\/a>\n\t<\/div>\n<\/div>\n<\/div>\n<\/li>\n\t\t\t\n\t\t\t\n\t\t\t\t\t\t\t\t\t\t\t\t\t\t\t\t\t\t\t\t\t\t\t\t\t\t\t\t\t\t\t\t\t\t\t\t\t\t\t\t\t\t\t\t\t\t\t\t\t\t\t\t\t\t\t\t\t\t\t\t\t\t\t\t\t\t\t\t<\/ul>\n\t<\/div>\n\t<div class=\"fusion-post-content-wrapper\" style=\"padding:2% 2% 2% 2%;\"><div class=\"fusion-post-content post-content\"><h2 class=\"blog-shortcode-post-title entry-title\"><a href=\"https:\/\/iordel.com\/es\/n149-the-salt-tower\/\">N149 &#8211; The Salt Tower<\/a><\/h2><div class=\"fusion-post-content-container\"><p>The Salt Tower was called because there was a salt flat next to the tower, which was also used for salt storage. It was mainly part of the Kingdom of Granada\u2019s defence system against the Christians from Algeciras. As of the 16th century, it became part of the official coastal tower system in the kingdom of Castille for surveillance and defence against Berber pirates.<\/p><\/div><\/div><\/div><div class=\"fusion-clearfix\"><\/div><\/div>\n<\/article>\n<article id=\"blog-1-post-30111\" class=\"fusion-post-grid post-30111 post type-post status-publish format-standard has-post-thumbnail hentry category-campo-de-gibraltar-en category-latest-en category-tarifa-costa-de-la-luz-en\">\n<div class=\"fusion-post-wrapper\" style=\"background-color:rgba(255,255,255,1);border:1px solid #ebeaea;border-bottom-width:3px;\">\n\n\t\t\t<div class=\"fusion-flexslider flexslider fusion-flexslider-loading fusion-post-slideshow\" style=\"border-color:#ebeaea;\">\n\t\t<ul class=\"slides\">\n\t\t\t\n\t\t\t\t\t\t\t\t\t\t\t\t\t\t<li><div  class=\"fusion-image-wrapper\" aria-haspopup=\"true\">\n\t\t\t\t<img decoding=\"async\" width=\"1200\" height=\"799\" src=\"https:\/\/iordel.com\/wp-content\/uploads\/2022\/09\/Kite-surfing-Tarifa-web.jpg\" class=\"attachment-full size-full wp-post-image\" alt=\"\" srcset=\"https:\/\/iordel.com\/wp-content\/uploads\/2022\/09\/Kite-surfing-Tarifa-web-200x133.jpg 200w, https:\/\/iordel.com\/wp-content\/uploads\/2022\/09\/Kite-surfing-Tarifa-web-400x266.jpg 400w, https:\/\/iordel.com\/wp-content\/uploads\/2022\/09\/Kite-surfing-Tarifa-web-600x399.jpg 600w, https:\/\/iordel.com\/wp-content\/uploads\/2022\/09\/Kite-surfing-Tarifa-web-800x533.jpg 800w, https:\/\/iordel.com\/wp-content\/uploads\/2022\/09\/Kite-surfing-Tarifa-web.jpg 1200w\" sizes=\"(min-width: 2200px) 100vw, (min-width: 712px) 580px, (min-width: 640px) 712px, \" \/><div class=\"fusion-rollover\">\n\t<div class=\"fusion-rollover-content\">\n\n\t\t\t\t\n\t\t\n\t\t\t\t\t\t\t\t\t\t\t\t<h4 class=\"fusion-rollover-title\">\n\t\t\t\t\t<a class=\"fusion-rollover-title-link\" href=\"https:\/\/iordel.com\/es\/n151-kite-surfing-tarifa\/\">\n\t\t\t\t\t\tN151 &#8211; Kite surfing Tarifa\t\t\t\t\t<\/a>\n\t\t\t\t<\/h4>\n\t\t\t\n\t\t\t\t\t\t\t\t\n\t\t\n\t\t\t\t\t\t<a class=\"fusion-link-wrapper\" href=\"https:\/\/iordel.com\/es\/n151-kite-surfing-tarifa\/\" aria-label=\"N151 \u2013 Kitesurf Tarifa\"><\/a>\n\t<\/div>\n<\/div>\n<\/div>\n<\/li>\n\t\t\t\n\t\t\t\n\t\t\t\t\t\t\t\t\t\t\t\t\t\t\t\t\t\t\t\t\t\t\t\t\t\t\t\t\t\t\t\t\t\t\t\t\t\t\t\t\t\t\t\t\t\t\t\t\t\t\t\t\t\t\t\t\t\t\t\t\t\t\t\t\t\t\t\t<\/ul>\n\t<\/div>\n\t<div class=\"fusion-post-content-wrapper\" style=\"padding:2% 2% 2% 2%;\"><div class=\"fusion-post-content post-content\"><h2 class=\"blog-shortcode-post-title entry-title\"><a href=\"https:\/\/iordel.com\/es\/n151-kite-surfing-tarifa\/\">N151 &#8211; Kite surfing Tarifa<\/a><\/h2><div class=\"fusion-post-content-container\"><p>El kitesurf en Tarifa es hoy en d\u00eda uno de los deportes m\u00e1s populares en la tierra del viento, el estrecho de Gibraltar. La playa de Valdevaqueros y los Lances son algunos de los lugares populares. <\/p><\/div><\/div><\/div><div class=\"fusion-clearfix\"><\/div><\/div>\n<\/article>\n<article id=\"blog-1-post-29622\" class=\"fusion-post-grid post-29622 post type-post status-publish format-standard has-post-thumbnail hentry category-campo-de-gibraltar-en category-latest-en category-tarifa-costa-de-la-luz-en\">\n<div class=\"fusion-post-wrapper\" style=\"background-color:rgba(255,255,255,1);border:1px solid #ebeaea;border-bottom-width:3px;\">\n\n\t\t\t<div class=\"fusion-flexslider flexslider fusion-flexslider-loading fusion-post-slideshow\" style=\"border-color:#ebeaea;\">\n\t\t<ul class=\"slides\">\n\t\t\t\n\t\t\t\t\t\t\t\t\t\t\t\t\t\t<li><div  class=\"fusion-image-wrapper\" aria-haspopup=\"true\">\n\t\t\t\t<img decoding=\"async\" width=\"1200\" height=\"859\" src=\"https:\/\/iordel.com\/wp-content\/uploads\/2022\/06\/Sierra-de-la-plata-Bolonia-web-e1655388600522.jpg\" class=\"attachment-full size-full wp-post-image\" alt=\"Sierra-de-la-plata-Bolonia-web\" \/><div class=\"fusion-rollover\">\n\t<div class=\"fusion-rollover-content\">\n\n\t\t\t\t\n\t\t\n\t\t\t\t\t\t\t\t\t\t\t\t<h4 class=\"fusion-rollover-title\">\n\t\t\t\t\t<a class=\"fusion-rollover-title-link\" href=\"https:\/\/iordel.com\/es\/n147-sierra-de-la-plata-bolonia\/\">\n\t\t\t\t\t\tN147 &#8211; Sierra de la Plata &#8211; Bolonia\t\t\t\t\t<\/a>\n\t\t\t\t<\/h4>\n\t\t\t\n\t\t\t\t\t\t\t\t\n\t\t\n\t\t\t\t\t\t<a class=\"fusion-link-wrapper\" href=\"https:\/\/iordel.com\/es\/n147-sierra-de-la-plata-bolonia\/\" aria-label=\"N147 \u2013 Sierra de la Plata \u2013 Bolonia\"><\/a>\n\t<\/div>\n<\/div>\n<\/div>\n<\/li>\n\t\t\t\n\t\t\t\n\t\t\t\t\t\t\t\t\t\t\t\t\t\t\t\t\t\t\t\t\t\t\t\t\t\t\t\t\t\t\t\t\t\t\t\t\t\t\t\t\t\t\t\t\t\t\t\t\t\t\t\t\t\t\t\t\t\t\t\t\t\t\t\t\t\t\t\t<\/ul>\n\t<\/div>\n\t<div class=\"fusion-post-content-wrapper\" style=\"padding:2% 2% 2% 2%;\"><div class=\"fusion-post-content post-content\"><h2 class=\"blog-shortcode-post-title entry-title\"><a href=\"https:\/\/iordel.com\/es\/n147-sierra-de-la-plata-bolonia\/\">N147 &#8211; Sierra de la Plata &#8211; Bolonia<\/a><\/h2><div class=\"fusion-post-content-container\"><p>Sierra de la Plata en Bolonia, Tarifa. Bajando desde la Silla del Papa* hacia la duna de Bolonia, con el monte Bartolo y Jebel Musa en Africa al fondo. *La Silla del Papa es un yacimiento arqueol\u00f3gico que consiste en un oppidum de origen p\u00fanico, se llam\u00f3 Bailo.<\/p><\/div><\/div><\/div><div class=\"fusion-clearfix\"><\/div><\/div>\n<\/article>\n<article id=\"blog-1-post-29619\" class=\"fusion-post-grid post-29619 post type-post status-publish format-standard has-post-thumbnail hentry category-campo-de-gibraltar-en category-latest-en category-tarifa-costa-de-la-luz-en\">\n<div class=\"fusion-post-wrapper\" style=\"background-color:rgba(255,255,255,1);border:1px solid #ebeaea;border-bottom-width:3px;\">\n\n\t\t\t<div class=\"fusion-flexslider flexslider fusion-flexslider-loading fusion-post-slideshow\" style=\"border-color:#ebeaea;\">\n\t\t<ul class=\"slides\">\n\t\t\t\n\t\t\t\t\t\t\t\t\t\t\t\t\t\t<li><div  class=\"fusion-image-wrapper\" aria-haspopup=\"true\">\n\t\t\t\t<img decoding=\"async\" width=\"1200\" height=\"856\" src=\"https:\/\/iordel.com\/wp-content\/uploads\/2022\/06\/baelo-Claudia-web-e1655387979981.jpg\" class=\"attachment-full size-full wp-post-image\" alt=\"baelo-Claudia-web\" \/><div class=\"fusion-rollover\">\n\t<div class=\"fusion-rollover-content\">\n\n\t\t\t\t\n\t\t\n\t\t\t\t\t\t\t\t\t\t\t\t<h4 class=\"fusion-rollover-title\">\n\t\t\t\t\t<a class=\"fusion-rollover-title-link\" href=\"https:\/\/iordel.com\/es\/n146-baelo-claudia\/\">\n\t\t\t\t\t\tN146 &#8211; Baelo Claudia\t\t\t\t\t<\/a>\n\t\t\t\t<\/h4>\n\t\t\t\n\t\t\t\t\t\t\t\t\n\t\t\n\t\t\t\t\t\t<a class=\"fusion-link-wrapper\" href=\"https:\/\/iordel.com\/es\/n146-baelo-claudia\/\" aria-label=\"N146 \u2013 Baelo Claudia\"><\/a>\n\t<\/div>\n<\/div>\n<\/div>\n<\/li>\n\t\t\t\n\t\t\t\n\t\t\t\t\t\t\t\t\t\t\t\t\t\t\t\t\t\t\t\t\t\t\t\t\t\t\t\t\t\t\t\t\t\t\t\t\t\t\t\t\t\t\t\t\t\t\t\t\t\t\t\t\t\t\t\t\t\t\t\t\t\t\t\t\t\t\t\t<\/ul>\n\t<\/div>\n\t<div class=\"fusion-post-content-wrapper\" style=\"padding:2% 2% 2% 2%;\"><div class=\"fusion-post-content post-content\"><h2 class=\"blog-shortcode-post-title entry-title\"><a href=\"https:\/\/iordel.com\/es\/n146-baelo-claudia\/\">N146 &#8211; Baelo Claudia<\/a><\/h2><div class=\"fusion-post-content-container\"><p>Baelo Claudia fue una antigua ciudad romana de Hispania, ubicada a 22 kil\u00f3metros a las afueras de Tarifa, cerca del pueblo de Bolonia, en el sur de Espa\u00f1a. Otra joya del Campo de Gibraltar, en el para\u00edso de Bolonia.<\/p><\/div><\/div><\/div><div class=\"fusion-clearfix\"><\/div><\/div>\n<\/article>\n<article id=\"blog-1-post-29612\" class=\"fusion-post-grid post-29612 post type-post status-publish format-standard has-post-thumbnail hentry category-campo-de-gibraltar-en category-latest-en\">\n<div class=\"fusion-post-wrapper\" style=\"background-color:rgba(255,255,255,1);border:1px solid #ebeaea;border-bottom-width:3px;\">\n\n\t\t\t<div class=\"fusion-flexslider flexslider fusion-flexslider-loading fusion-post-slideshow\" style=\"border-color:#ebeaea;\">\n\t\t<ul class=\"slides\">\n\t\t\t\n\t\t\t\t\t\t\t\t\t\t\t\t\t\t<li><div  class=\"fusion-image-wrapper\" aria-haspopup=\"true\">\n\t\t\t\t<img decoding=\"async\" width=\"800\" height=\"1200\" src=\"https:\/\/iordel.com\/wp-content\/uploads\/2022\/06\/El-perro-de-San-Roque-Web.jpg\" class=\"attachment-full size-full wp-post-image\" alt=\"El-perro-de-San-Roque-Web\" srcset=\"https:\/\/iordel.com\/wp-content\/uploads\/2022\/06\/El-perro-de-San-Roque-Web-200x300.jpg 200w, https:\/\/iordel.com\/wp-content\/uploads\/2022\/06\/El-perro-de-San-Roque-Web-400x600.jpg 400w, https:\/\/iordel.com\/wp-content\/uploads\/2022\/06\/El-perro-de-San-Roque-Web-600x901.jpg 600w, https:\/\/iordel.com\/wp-content\/uploads\/2022\/06\/El-perro-de-San-Roque-Web.jpg 800w\" sizes=\"(min-width: 2200px) 100vw, (min-width: 712px) 580px, (min-width: 640px) 712px, \" \/><div class=\"fusion-rollover\">\n\t<div class=\"fusion-rollover-content\">\n\n\t\t\t\t\n\t\t\n\t\t\t\t\t\t\t\t\t\t\t\t<h4 class=\"fusion-rollover-title\">\n\t\t\t\t\t<a class=\"fusion-rollover-title-link\" href=\"https:\/\/iordel.com\/es\/n144-the-dog-of-san-roque\/\">\n\t\t\t\t\t\tN144 &#8211; The Dog of San Roque\t\t\t\t\t<\/a>\n\t\t\t\t<\/h4>\n\t\t\t\n\t\t\t\t\t\t\t\t\n\t\t\n\t\t\t\t\t\t<a class=\"fusion-link-wrapper\" href=\"https:\/\/iordel.com\/es\/n144-the-dog-of-san-roque\/\" aria-label=\"N144 \u2013 El Perro de San Roque\"><\/a>\n\t<\/div>\n<\/div>\n<\/div>\n<\/li>\n\t\t\t\n\t\t\t\n\t\t\t\t\t\t\t\t\t\t\t\t\t\t\t\t\t\t\t\t\t\t\t\t\t\t\t\t\t\t\t\t\t\t\t\t\t\t\t\t\t\t\t\t\t\t\t\t\t\t\t\t\t\t\t\t\t\t\t\t\t\t\t\t\t\t\t\t<\/ul>\n\t<\/div>\n\t<div class=\"fusion-post-content-wrapper\" style=\"padding:2% 2% 2% 2%;\"><div class=\"fusion-post-content post-content\"><h2 class=\"blog-shortcode-post-title entry-title\"><a href=\"https:\/\/iordel.com\/es\/n144-the-dog-of-san-roque\/\">N144 &#8211; The Dog of San Roque<\/a><\/h2><div class=\"fusion-post-content-container\"><p>The Dog of San Roque painting is my interpretation of the famous spanish tongue twister...\r\n\u201cEl perro de San Ronque, no tiene rabo, porque Ram\u00f3n Ram\u00edrez se lo ha cortado\u201d which means \"The dog from San Ronque does not have a tail, because Ram\u00f3n Ram\u00edrez has cut it off.\"<\/p><\/div><\/div><\/div><div class=\"fusion-clearfix\"><\/div><\/div>\n<\/article>\n<article id=\"blog-1-post-29608\" class=\"fusion-post-grid post-29608 post type-post status-publish format-standard has-post-thumbnail hentry category-campo-de-gibraltar-en category-latest-en category-tarifa-costa-de-la-luz-en\">\n<div class=\"fusion-post-wrapper\" style=\"background-color:rgba(255,255,255,1);border:1px solid #ebeaea;border-bottom-width:3px;\">\n\n\t\t\t<div class=\"fusion-flexslider flexslider fusion-flexslider-loading fusion-post-slideshow\" style=\"border-color:#ebeaea;\">\n\t\t<ul class=\"slides\">\n\t\t\t\n\t\t\t\t\t\t\t\t\t\t\t\t\t\t<li><div  class=\"fusion-image-wrapper\" aria-haspopup=\"true\">\n\t\t\t\t<img decoding=\"async\" width=\"1200\" height=\"861\" src=\"https:\/\/iordel.com\/wp-content\/uploads\/2022\/06\/Castillo-Guzman-el-bueno-Tarifa-web.jpg\" class=\"attachment-full size-full wp-post-image\" alt=\"Castillo-Guzman-el-bueno-Tarifa-web\" srcset=\"https:\/\/iordel.com\/wp-content\/uploads\/2022\/06\/Castillo-Guzman-el-bueno-Tarifa-web-200x144.jpg 200w, https:\/\/iordel.com\/wp-content\/uploads\/2022\/06\/Castillo-Guzman-el-bueno-Tarifa-web-400x287.jpg 400w, https:\/\/iordel.com\/wp-content\/uploads\/2022\/06\/Castillo-Guzman-el-bueno-Tarifa-web-600x431.jpg 600w, https:\/\/iordel.com\/wp-content\/uploads\/2022\/06\/Castillo-Guzman-el-bueno-Tarifa-web-800x574.jpg 800w, https:\/\/iordel.com\/wp-content\/uploads\/2022\/06\/Castillo-Guzman-el-bueno-Tarifa-web.jpg 1200w\" sizes=\"(min-width: 2200px) 100vw, (min-width: 712px) 580px, (min-width: 640px) 712px, \" \/><div class=\"fusion-rollover\">\n\t<div class=\"fusion-rollover-content\">\n\n\t\t\t\t\n\t\t\n\t\t\t\t\t\t\t\t\t\t\t\t<h4 class=\"fusion-rollover-title\">\n\t\t\t\t\t<a class=\"fusion-rollover-title-link\" href=\"https:\/\/iordel.com\/es\/n143-the-castle-of-guzman-el-bueno-tarifa\/\">\n\t\t\t\t\t\tN143 &#8211; The Castle of Guzman el Bueno &#8211; Tarifa\t\t\t\t\t<\/a>\n\t\t\t\t<\/h4>\n\t\t\t\n\t\t\t\t\t\t\t\t\n\t\t\n\t\t\t\t\t\t<a class=\"fusion-link-wrapper\" href=\"https:\/\/iordel.com\/es\/n143-the-castle-of-guzman-el-bueno-tarifa\/\" aria-label=\"N143 \u2013 El Castillo de Guzm\u00e1n el Bueno \u2013 Tarifa\"><\/a>\n\t<\/div>\n<\/div>\n<\/div>\n<\/li>\n\t\t\t\n\t\t\t\n\t\t\t\t\t\t\t\t\t\t\t\t\t\t\t\t\t\t\t\t\t\t\t\t\t\t\t\t\t\t\t\t\t\t\t\t\t\t\t\t\t\t\t\t\t\t\t\t\t\t\t\t\t\t\t\t\t\t\t\t\t\t\t\t\t\t\t\t<\/ul>\n\t<\/div>\n\t<div class=\"fusion-post-content-wrapper\" style=\"padding:2% 2% 2% 2%;\"><div class=\"fusion-post-content post-content\"><h2 class=\"blog-shortcode-post-title entry-title\"><a href=\"https:\/\/iordel.com\/es\/n143-the-castle-of-guzman-el-bueno-tarifa\/\">N143 &#8211; The Castle of Guzman el Bueno &#8211; Tarifa<\/a><\/h2><div class=\"fusion-post-content-container\"><p>El Castillo de Guzm\u00e1n el Bueno en Tarifa, C\u00e1diz. Otro icono del Campo de Gibraltar. Quer\u00eda hacerla hist\u00f3rica porque creo que cuando la playa lleg\u00f3 a sus paredes debi\u00f3 ser bastante impresionante.<\/p><\/div><\/div><\/div><div class=\"fusion-clearfix\"><\/div><\/div>\n<\/article>\n<article id=\"blog-1-post-29603\" class=\"fusion-post-grid post-29603 post type-post status-publish format-standard has-post-thumbnail hentry category-campo-de-gibraltar-en category-latest-en\">\n<div class=\"fusion-post-wrapper\" style=\"background-color:rgba(255,255,255,1);border:1px solid #ebeaea;border-bottom-width:3px;\">\n\n\t\t\t<div class=\"fusion-flexslider flexslider fusion-flexslider-loading fusion-post-slideshow\" style=\"border-color:#ebeaea;\">\n\t\t<ul class=\"slides\">\n\t\t\t\n\t\t\t\t\t\t\t\t\t\t\t\t\t\t<li><div  class=\"fusion-image-wrapper\" aria-haspopup=\"true\">\n\t\t\t\t<img decoding=\"async\" width=\"1200\" height=\"552\" src=\"https:\/\/iordel.com\/wp-content\/uploads\/2022\/06\/paseo-al-amanecer-web.jpg\" class=\"attachment-full size-full wp-post-image\" alt=\"paseo-al-amanecer-web\" srcset=\"https:\/\/iordel.com\/wp-content\/uploads\/2022\/06\/paseo-al-amanecer-web-200x92.jpg 200w, https:\/\/iordel.com\/wp-content\/uploads\/2022\/06\/paseo-al-amanecer-web-400x184.jpg 400w, https:\/\/iordel.com\/wp-content\/uploads\/2022\/06\/paseo-al-amanecer-web-600x276.jpg 600w, https:\/\/iordel.com\/wp-content\/uploads\/2022\/06\/paseo-al-amanecer-web-800x368.jpg 800w, https:\/\/iordel.com\/wp-content\/uploads\/2022\/06\/paseo-al-amanecer-web.jpg 1200w\" sizes=\"(min-width: 2200px) 100vw, (min-width: 712px) 580px, (min-width: 640px) 712px, \" \/><div class=\"fusion-rollover\">\n\t<div class=\"fusion-rollover-content\">\n\n\t\t\t\t\n\t\t\n\t\t\t\t\t\t\t\t\t\t\t\t<h4 class=\"fusion-rollover-title\">\n\t\t\t\t\t<a class=\"fusion-rollover-title-link\" href=\"https:\/\/iordel.com\/es\/n142-walk-at-dawn\/\">\n\t\t\t\t\t\tN142 &#8211; Walk at dawn\t\t\t\t\t<\/a>\n\t\t\t\t<\/h4>\n\t\t\t\n\t\t\t\t\t\t\t\t\n\t\t\n\t\t\t\t\t\t<a class=\"fusion-link-wrapper\" href=\"https:\/\/iordel.com\/es\/n142-walk-at-dawn\/\" aria-label=\"N142 \u2013 Paseo al amanecer\"><\/a>\n\t<\/div>\n<\/div>\n<\/div>\n<\/li>\n\t\t\t\n\t\t\t\n\t\t\t\t\t\t\t\t\t\t\t\t\t\t\t\t\t\t\t\t\t\t\t\t\t\t\t\t\t\t\t\t\t\t\t\t\t\t\t\t\t\t\t\t\t\t\t\t\t\t\t\t\t\t\t\t\t\t\t\t\t\t\t\t\t\t\t\t<\/ul>\n\t<\/div>\n\t<div class=\"fusion-post-content-wrapper\" style=\"padding:2% 2% 2% 2%;\"><div class=\"fusion-post-content post-content\"><h2 class=\"blog-shortcode-post-title entry-title\"><a href=\"https:\/\/iordel.com\/es\/n142-walk-at-dawn\/\">N142 &#8211; Walk at dawn<\/a><\/h2><div class=\"fusion-post-content-container\"><p>Un paseo familiar al amanecer en la playa de Santa clara de La Linea con el pe\u00f1\u00f3n de Gibraltar en el horizonte.<\/p><\/div><\/div><\/div><div class=\"fusion-clearfix\"><\/div><\/div>\n<\/article>\n<article id=\"blog-1-post-29597\" class=\"fusion-post-grid post-29597 post type-post status-publish format-standard has-post-thumbnail hentry category-campo-de-gibraltar-en category-latest-en\">\n<div class=\"fusion-post-wrapper\" style=\"background-color:rgba(255,255,255,1);border:1px solid #ebeaea;border-bottom-width:3px;\">\n\n\t\t\t<div class=\"fusion-flexslider flexslider fusion-flexslider-loading fusion-post-slideshow\" style=\"border-color:#ebeaea;\">\n\t\t<ul class=\"slides\">\n\t\t\t\n\t\t\t\t\t\t\t\t\t\t\t\t\t\t<li><div  class=\"fusion-image-wrapper\" aria-haspopup=\"true\">\n\t\t\t\t<img decoding=\"async\" width=\"1200\" height=\"887\" src=\"https:\/\/iordel.com\/wp-content\/uploads\/2022\/06\/Castillo-de-Castellar-web.jpg\" class=\"attachment-full size-full wp-post-image\" alt=\"Castillo-de-Castellar-web\" srcset=\"https:\/\/iordel.com\/wp-content\/uploads\/2022\/06\/Castillo-de-Castellar-web-200x148.jpg 200w, https:\/\/iordel.com\/wp-content\/uploads\/2022\/06\/Castillo-de-Castellar-web-400x296.jpg 400w, https:\/\/iordel.com\/wp-content\/uploads\/2022\/06\/Castillo-de-Castellar-web-600x444.jpg 600w, https:\/\/iordel.com\/wp-content\/uploads\/2022\/06\/Castillo-de-Castellar-web-800x592.jpg 800w, https:\/\/iordel.com\/wp-content\/uploads\/2022\/06\/Castillo-de-Castellar-web.jpg 1200w\" sizes=\"(min-width: 2200px) 100vw, (min-width: 712px) 580px, (min-width: 640px) 712px, \" \/><div class=\"fusion-rollover\">\n\t<div class=\"fusion-rollover-content\">\n\n\t\t\t\t\n\t\t\n\t\t\t\t\t\t\t\t\t\t\t\t<h4 class=\"fusion-rollover-title\">\n\t\t\t\t\t<a class=\"fusion-rollover-title-link\" href=\"https:\/\/iordel.com\/es\/the-castle-of-castellar\/\">\n\t\t\t\t\t\tN141 &#8211; The Castle of Castellar\t\t\t\t\t<\/a>\n\t\t\t\t<\/h4>\n\t\t\t\n\t\t\t\t\t\t\t\t\n\t\t\n\t\t\t\t\t\t<a class=\"fusion-link-wrapper\" href=\"https:\/\/iordel.com\/es\/the-castle-of-castellar\/\" aria-label=\"N141 \u2013 El Castillo de Castellar\"><\/a>\n\t<\/div>\n<\/div>\n<\/div>\n<\/li>\n\t\t\t\n\t\t\t\n\t\t\t\t\t\t\t\t\t\t\t\t\t\t\t\t\t\t\t\t\t\t\t\t\t\t\t\t\t\t\t\t\t\t\t\t\t\t\t\t\t\t\t\t\t\t\t\t\t\t\t\t\t\t\t\t\t\t\t\t\t\t\t\t\t\t\t\t<\/ul>\n\t<\/div>\n\t<div class=\"fusion-post-content-wrapper\" style=\"padding:2% 2% 2% 2%;\"><div class=\"fusion-post-content post-content\"><h2 class=\"blog-shortcode-post-title entry-title\"><a href=\"https:\/\/iordel.com\/es\/the-castle-of-castellar\/\">N141 &#8211; The Castle of Castellar<\/a><\/h2><div class=\"fusion-post-content-container\"><p>Un hombre y su perro caminan hacia el castillo de Castellar siguiendo una antigua calzada romana.<\/p><\/div><\/div><\/div><div class=\"fusion-clearfix\"><\/div><\/div>\n<\/article>\n<article id=\"blog-1-post-29592\" class=\"fusion-post-grid post-29592 post type-post status-publish format-standard has-post-thumbnail hentry category-campo-de-gibraltar-en category-costa-del-sol-pueblos-blancos-en category-latest-en\">\n<div class=\"fusion-post-wrapper\" style=\"background-color:rgba(255,255,255,1);border:1px solid #ebeaea;border-bottom-width:3px;\">\n\n\t\t\t<div class=\"fusion-flexslider flexslider fusion-flexslider-loading fusion-post-slideshow\" style=\"border-color:#ebeaea;\">\n\t\t<ul class=\"slides\">\n\t\t\t\n\t\t\t\t\t\t\t\t\t\t\t\t\t\t<li><div  class=\"fusion-image-wrapper\" aria-haspopup=\"true\">\n\t\t\t\t<img decoding=\"async\" width=\"1200\" height=\"892\" src=\"https:\/\/iordel.com\/wp-content\/uploads\/2022\/06\/cala-sardina-web.jpg\" class=\"attachment-full size-full wp-post-image\" alt=\"cala-sardina-web\" srcset=\"https:\/\/iordel.com\/wp-content\/uploads\/2022\/06\/cala-sardina-web-200x149.jpg 200w, https:\/\/iordel.com\/wp-content\/uploads\/2022\/06\/cala-sardina-web-400x297.jpg 400w, https:\/\/iordel.com\/wp-content\/uploads\/2022\/06\/cala-sardina-web-600x446.jpg 600w, https:\/\/iordel.com\/wp-content\/uploads\/2022\/06\/cala-sardina-web-800x595.jpg 800w, https:\/\/iordel.com\/wp-content\/uploads\/2022\/06\/cala-sardina-web.jpg 1200w\" sizes=\"(min-width: 2200px) 100vw, (min-width: 712px) 580px, (min-width: 640px) 712px, \" \/><div class=\"fusion-rollover\">\n\t<div class=\"fusion-rollover-content\">\n\n\t\t\t\t\n\t\t\n\t\t\t\t\t\t\t\t\t\t\t\t<h4 class=\"fusion-rollover-title\">\n\t\t\t\t\t<a class=\"fusion-rollover-title-link\" href=\"https:\/\/iordel.com\/es\/n140-cala-sardina\/\">\n\t\t\t\t\t\tN140 &#8211; Cala Sardina\t\t\t\t\t<\/a>\n\t\t\t\t<\/h4>\n\t\t\t\n\t\t\t\t\t\t\t\t\n\t\t\n\t\t\t\t\t\t<a class=\"fusion-link-wrapper\" href=\"https:\/\/iordel.com\/es\/n140-cala-sardina\/\" aria-label=\"N140 \u2013 Cala Sardina\"><\/a>\n\t<\/div>\n<\/div>\n<\/div>\n<\/li>\n\t\t\t\n\t\t\t\n\t\t\t\t\t\t\t\t\t\t\t\t\t\t\t\t\t\t\t\t\t\t\t\t\t\t\t\t\t\t\t\t\t\t\t\t\t\t\t\t\t\t\t\t\t\t\t\t\t\t\t\t\t\t\t\t\t\t\t\t\t\t\t\t\t\t\t\t<\/ul>\n\t<\/div>\n\t<div class=\"fusion-post-content-wrapper\" style=\"padding:2% 2% 2% 2%;\"><div class=\"fusion-post-content post-content\"><h2 class=\"blog-shortcode-post-title entry-title\"><a href=\"https:\/\/iordel.com\/es\/n140-cala-sardina\/\">N140 &#8211; Cala Sardina<\/a><\/h2><div class=\"fusion-post-content-container\"><p>Una vista de las rocas al final de Cala Sardina. Las 2 torres del Hotel Patricia, Sotogrande y las vistas de Gibraltar y Jebel Musa en \u00c1frica al fondo.<\/p><\/div><\/div><\/div><div class=\"fusion-clearfix\"><\/div><\/div>\n<\/article>\n<article id=\"blog-1-post-28193\" class=\"fusion-post-grid post-28193 post type-post status-publish format-standard has-post-thumbnail hentry category-campo-de-gibraltar-en category-costa-del-sol-pueblos-blancos-en category-latest-en\">\n<div class=\"fusion-post-wrapper\" style=\"background-color:rgba(255,255,255,1);border:1px solid #ebeaea;border-bottom-width:3px;\">\n\n\t\t\t<div class=\"fusion-flexslider flexslider fusion-flexslider-loading fusion-post-slideshow\" style=\"border-color:#ebeaea;\">\n\t\t<ul class=\"slides\">\n\t\t\t\n\t\t\t\t\t\t\t\t\t\t\t\t\t\t<li><div  class=\"fusion-image-wrapper\" aria-haspopup=\"true\">\n\t\t\t\t<img decoding=\"async\" width=\"1200\" height=\"846\" src=\"https:\/\/iordel.com\/wp-content\/uploads\/2021\/12\/El-Crepusculo-web.jpg\" class=\"attachment-full size-full wp-post-image\" alt=\"El-Crepusculo-web\" srcset=\"https:\/\/iordel.com\/wp-content\/uploads\/2021\/12\/El-Crepusculo-web-200x141.jpg 200w, https:\/\/iordel.com\/wp-content\/uploads\/2021\/12\/El-Crepusculo-web-400x282.jpg 400w, https:\/\/iordel.com\/wp-content\/uploads\/2021\/12\/El-Crepusculo-web-600x423.jpg 600w, https:\/\/iordel.com\/wp-content\/uploads\/2021\/12\/El-Crepusculo-web-800x564.jpg 800w, https:\/\/iordel.com\/wp-content\/uploads\/2021\/12\/El-Crepusculo-web.jpg 1200w\" sizes=\"(min-width: 2200px) 100vw, (min-width: 712px) 580px, (min-width: 640px) 712px, \" \/><div class=\"fusion-rollover\">\n\t<div class=\"fusion-rollover-content\">\n\n\t\t\t\t\n\t\t\n\t\t\t\t\t\t\t\t\t\t\t\t<h4 class=\"fusion-rollover-title\">\n\t\t\t\t\t<a class=\"fusion-rollover-title-link\" href=\"https:\/\/iordel.com\/es\/n137-southern-twilight\/\">\n\t\t\t\t\t\tN137 &#8211; Southern Twilight\t\t\t\t\t<\/a>\n\t\t\t\t<\/h4>\n\t\t\t\n\t\t\t\t\t\t\t\t\n\t\t\n\t\t\t\t\t\t<a class=\"fusion-link-wrapper\" href=\"https:\/\/iordel.com\/es\/n137-southern-twilight\/\" aria-label=\"N137 - Crep\u00fasculo del sur\"><\/a>\n\t<\/div>\n<\/div>\n<\/div>\n<\/li>\n\t\t\t\n\t\t\t\n\t\t\t\t\t\t\t\t\t\t\t\t\t\t\t\t\t\t\t\t\t\t\t\t\t\t\t\t\t\t\t\t\t\t\t\t\t\t\t\t\t\t\t\t\t\t\t\t\t\t\t\t\t\t\t\t\t\t\t\t\t\t\t\t\t\t\t\t<\/ul>\n\t<\/div>\n\t<div class=\"fusion-post-content-wrapper\" style=\"padding:2% 2% 2% 2%;\"><div class=\"fusion-post-content post-content\"><h2 class=\"blog-shortcode-post-title entry-title\"><a href=\"https:\/\/iordel.com\/es\/n137-southern-twilight\/\">N137 &#8211; Southern Twilight<\/a><\/h2><div class=\"fusion-post-content-container\"><p>Crep\u00fasculo austral en el arroyo de Chullera. El d\u00eda se escapa, un perro descarriado busca algo de comer mientras el due\u00f1o del cortijo lo observa con la mirada puesta.<\/p><\/div><\/div><\/div><div class=\"fusion-clearfix\"><\/div><\/div>\n<\/article>\n<article id=\"blog-1-post-27773\" class=\"fusion-post-grid post-27773 post type-post status-publish format-standard has-post-thumbnail hentry category-campo-de-gibraltar-en category-gibraltar-en category-latest-en\">\n<div class=\"fusion-post-wrapper\" style=\"background-color:rgba(255,255,255,1);border:1px solid #ebeaea;border-bottom-width:3px;\">\n\n\t\t\t<div class=\"fusion-flexslider flexslider fusion-flexslider-loading fusion-post-slideshow\" style=\"border-color:#ebeaea;\">\n\t\t<ul class=\"slides\">\n\t\t\t\n\t\t\t\t\t\t\t\t\t\t\t\t\t\t<li><div  class=\"fusion-image-wrapper\" aria-haspopup=\"true\">\n\t\t\t\t<img decoding=\"async\" width=\"1200\" height=\"786\" src=\"https:\/\/iordel.com\/wp-content\/uploads\/2021\/11\/Reserva-Natural-del-Guadalquiton-web.jpg\" class=\"attachment-full size-full wp-post-image\" alt=\"Reserva-Natural-del-Guadalquiton-web\" srcset=\"https:\/\/iordel.com\/wp-content\/uploads\/2021\/11\/Reserva-Natural-del-Guadalquiton-web-200x131.jpg 200w, https:\/\/iordel.com\/wp-content\/uploads\/2021\/11\/Reserva-Natural-del-Guadalquiton-web-400x262.jpg 400w, https:\/\/iordel.com\/wp-content\/uploads\/2021\/11\/Reserva-Natural-del-Guadalquiton-web-600x393.jpg 600w, https:\/\/iordel.com\/wp-content\/uploads\/2021\/11\/Reserva-Natural-del-Guadalquiton-web-800x524.jpg 800w, https:\/\/iordel.com\/wp-content\/uploads\/2021\/11\/Reserva-Natural-del-Guadalquiton-web.jpg 1200w\" sizes=\"(min-width: 2200px) 100vw, (min-width: 712px) 580px, (min-width: 640px) 712px, \" \/><div class=\"fusion-rollover\">\n\t<div class=\"fusion-rollover-content\">\n\n\t\t\t\t\n\t\t\n\t\t\t\t\t\t\t\t\t\t\t\t<h4 class=\"fusion-rollover-title\">\n\t\t\t\t\t<a class=\"fusion-rollover-title-link\" href=\"https:\/\/iordel.com\/es\/n135-guadalquiton-alcornocales-national-park\/\">\n\t\t\t\t\t\tN135- Parque Nacional Guadalquiton Alcornocales\t\t\t\t\t<\/a>\n\t\t\t\t<\/h4>\n\t\t\t\n\t\t\t\t\t\t\t\t\n\t\t\n\t\t\t\t\t\t<a class=\"fusion-link-wrapper\" href=\"https:\/\/iordel.com\/es\/n135-guadalquiton-alcornocales-national-park\/\" aria-label=\"N135- Parque Nacional Guadalquiton Alcornocales\"><\/a>\n\t<\/div>\n<\/div>\n<\/div>\n<\/li>\n\t\t\t\n\t\t\t\n\t\t\t\t\t\t\t\t\t\t\t\t\t\t\t\t\t\t\t\t\t\t\t\t\t\t\t\t\t\t\t\t\t\t\t\t\t\t\t\t\t\t\t\t\t\t\t\t\t\t\t\t\t\t\t\t\t\t\t\t\t\t\t\t\t\t\t\t<\/ul>\n\t<\/div>\n\t<div class=\"fusion-post-content-wrapper\" style=\"padding:2% 2% 2% 2%;\"><div class=\"fusion-post-content post-content\"><h2 class=\"blog-shortcode-post-title entry-title\"><a href=\"https:\/\/iordel.com\/es\/n135-guadalquiton-alcornocales-national-park\/\">N135- Parque Nacional Guadalquiton Alcornocales<\/a><\/h2><div class=\"fusion-post-content-container\"><p>Un zorro comienza a cazar cuando termina el d\u00eda. La zona de Guadalquit\u00f3n es uno de los pocos lugares de Europa donde los alcornoques llegan al mar. Esta pintura fue creada para conmemorar la victoria de la prueba en la que la reserva natural de Guadalquit\u00f3n se incorpor\u00f3 al Parque Nacional de los Alcornocales y se protegi\u00f3 de cualquier ordenamiento constructivo.<\/p><\/div><\/div><\/div><div class=\"fusion-clearfix\"><\/div><\/div>\n<\/article>\n<article id=\"blog-1-post-27764\" class=\"fusion-post-grid post-27764 post type-post status-publish format-standard has-post-thumbnail hentry category-campo-de-gibraltar-en category-gibraltar-en category-latest-en\">\n<div class=\"fusion-post-wrapper\" style=\"background-color:rgba(255,255,255,1);border:1px solid #ebeaea;border-bottom-width:3px;\">\n\n\t\t\t<div class=\"fusion-flexslider flexslider fusion-flexslider-loading fusion-post-slideshow\" style=\"border-color:#ebeaea;\">\n\t\t<ul class=\"slides\">\n\t\t\t\n\t\t\t\t\t\t\t\t\t\t\t\t\t\t<li><div  class=\"fusion-image-wrapper\" aria-haspopup=\"true\">\n\t\t\t\t<img decoding=\"async\" width=\"1200\" height=\"973\" src=\"https:\/\/iordel.com\/wp-content\/uploads\/2021\/11\/San-Martin-del-Tesorillo-web.jpg\" class=\"attachment-full size-full wp-post-image\" alt=\"San-Martin-del-Tesorillo-web\" srcset=\"https:\/\/iordel.com\/wp-content\/uploads\/2021\/11\/San-Martin-del-Tesorillo-web-200x162.jpg 200w, https:\/\/iordel.com\/wp-content\/uploads\/2021\/11\/San-Martin-del-Tesorillo-web-400x324.jpg 400w, https:\/\/iordel.com\/wp-content\/uploads\/2021\/11\/San-Martin-del-Tesorillo-web-600x487.jpg 600w, https:\/\/iordel.com\/wp-content\/uploads\/2021\/11\/San-Martin-del-Tesorillo-web-800x649.jpg 800w, https:\/\/iordel.com\/wp-content\/uploads\/2021\/11\/San-Martin-del-Tesorillo-web.jpg 1200w\" sizes=\"(min-width: 2200px) 100vw, (min-width: 712px) 580px, (min-width: 640px) 712px, \" \/><div class=\"fusion-rollover\">\n\t<div class=\"fusion-rollover-content\">\n\n\t\t\t\t\n\t\t\n\t\t\t\t\t\t\t\t\t\t\t\t<h4 class=\"fusion-rollover-title\">\n\t\t\t\t\t<a class=\"fusion-rollover-title-link\" href=\"https:\/\/iordel.com\/es\/n130-by-the-river-rio-guadiaro\/\">\n\t\t\t\t\t\tN130- By the River &#8211; Guadiaro\t\t\t\t\t<\/a>\n\t\t\t\t<\/h4>\n\t\t\t\n\t\t\t\t\t\t\t\t\n\t\t\n\t\t\t\t\t\t<a class=\"fusion-link-wrapper\" href=\"https:\/\/iordel.com\/es\/n130-by-the-river-rio-guadiaro\/\" aria-label=\"N130- Por el r\u00edo - Guadiaro\"><\/a>\n\t<\/div>\n<\/div>\n<\/div>\n<\/li>\n\t\t\t\n\t\t\t\n\t\t\t\t\t\t\t\t\t\t\t\t\t\t\t\t\t\t\t\t\t\t\t\t\t\t\t\t\t\t\t\t\t\t\t\t\t\t\t\t\t\t\t\t\t\t\t\t\t\t\t\t\t\t\t\t\t\t\t\t\t\t\t\t\t\t\t\t<\/ul>\n\t<\/div>\n\t<div class=\"fusion-post-content-wrapper\" style=\"padding:2% 2% 2% 2%;\"><div class=\"fusion-post-content post-content\"><h2 class=\"blog-shortcode-post-title entry-title\"><a href=\"https:\/\/iordel.com\/es\/n130-by-the-river-rio-guadiaro\/\">N130- By the River &#8211; Guadiaro<\/a><\/h2><div class=\"fusion-post-content-container\"><p>Una pareja toma un bote por el r\u00edo Guadiaro para buscar un buen lugar para hacer un picnic. San Mart\u00edn del Tesorillo est\u00e1 en la parte de atr\u00e1s y el puente secadero tambi\u00e9n.<\/p><\/div><\/div><\/div><div class=\"fusion-clearfix\"><\/div><\/div>\n<\/article>\n<article id=\"blog-1-post-27749\" class=\"fusion-post-grid post-27749 post type-post status-publish format-standard has-post-thumbnail hentry category-campo-de-gibraltar-en category-gibraltar-en category-latest-en\">\n<div class=\"fusion-post-wrapper\" style=\"background-color:rgba(255,255,255,1);border:1px solid #ebeaea;border-bottom-width:3px;\">\n\n\t\t\t<div class=\"fusion-flexslider flexslider fusion-flexslider-loading fusion-post-slideshow\" style=\"border-color:#ebeaea;\">\n\t\t<ul class=\"slides\">\n\t\t\t\n\t\t\t\t\t\t\t\t\t\t\t\t\t\t<li><div  class=\"fusion-image-wrapper\" aria-haspopup=\"true\">\n\t\t\t\t<img decoding=\"async\" width=\"799\" height=\"1200\" src=\"https:\/\/iordel.com\/wp-content\/uploads\/2021\/11\/Playa-de-Santa-Barbara-con-Estadio.jpg\" class=\"attachment-full size-full wp-post-image\" alt=\"Playa-de-Santa-Barbara-con-Estadio\" srcset=\"https:\/\/iordel.com\/wp-content\/uploads\/2021\/11\/Playa-de-Santa-Barbara-con-Estadio-200x300.jpg 200w, https:\/\/iordel.com\/wp-content\/uploads\/2021\/11\/Playa-de-Santa-Barbara-con-Estadio-400x601.jpg 400w, https:\/\/iordel.com\/wp-content\/uploads\/2021\/11\/Playa-de-Santa-Barbara-con-Estadio-600x901.jpg 600w, https:\/\/iordel.com\/wp-content\/uploads\/2021\/11\/Playa-de-Santa-Barbara-con-Estadio.jpg 799w, https:\/\/iordel.com\/wp-content\/uploads\/2021\/11\/Playa-de-Santa-Barbara-con-Estadio-800x1201.jpg 800w\" sizes=\"(min-width: 2200px) 100vw, (min-width: 712px) 580px, (min-width: 640px) 712px, \" \/><div class=\"fusion-rollover\">\n\t<div class=\"fusion-rollover-content\">\n\n\t\t\t\t\n\t\t\n\t\t\t\t\t\t\t\t\t\t\t\t<h4 class=\"fusion-rollover-title\">\n\t\t\t\t\t<a class=\"fusion-rollover-title-link\" href=\"https:\/\/iordel.com\/es\/n129-playa-de-santa-barbara\/\">\n\t\t\t\t\t\tN129- Playa de Santa B\u00e1rbara\t\t\t\t\t<\/a>\n\t\t\t\t<\/h4>\n\t\t\t\n\t\t\t\t\t\t\t\t\n\t\t\n\t\t\t\t\t\t<a class=\"fusion-link-wrapper\" href=\"https:\/\/iordel.com\/es\/n129-playa-de-santa-barbara\/\" aria-label=\"N129- Playa de Santa B\u00e1rbara\"><\/a>\n\t<\/div>\n<\/div>\n<\/div>\n<\/li>\n\t\t\t\n\t\t\t\n\t\t\t\t\t\t\t\t\t\t\t\t\t\t\t\t\t\t\t\t\t\t\t\t\t\t\t\t\t\t\t\t\t\t\t\t\t\t\t\t\t\t\t\t\t\t\t\t\t\t\t\t\t\t\t\t\t\t\t\t\t\t\t\t\t\t\t\t<\/ul>\n\t<\/div>\n\t<div class=\"fusion-post-content-wrapper\" style=\"padding:2% 2% 2% 2%;\"><div class=\"fusion-post-content post-content\"><h2 class=\"blog-shortcode-post-title entry-title\"><a href=\"https:\/\/iordel.com\/es\/n129-playa-de-santa-barbara\/\">N129- Playa de Santa B\u00e1rbara<\/a><\/h2><div class=\"fusion-post-content-container\"><p>Una madre y su hijo contemplan el oc\u00e9ano y el pe\u00f1\u00f3n de Gibraltar en el paseo de la playa de Santa B\u00e1rbara en La L\u00ednea de la Concepci\u00f3n.<\/p><\/div><\/div><\/div><div class=\"fusion-clearfix\"><\/div><\/div>\n<\/article>\n<article id=\"blog-1-post-27746\" class=\"fusion-post-grid post-27746 post type-post status-publish format-standard has-post-thumbnail hentry category-campo-de-gibraltar-en category-gibraltar-en category-latest-en\">\n<div class=\"fusion-post-wrapper\" style=\"background-color:rgba(255,255,255,1);border:1px solid #ebeaea;border-bottom-width:3px;\">\n\n\t\t\t<div class=\"fusion-flexslider flexslider fusion-flexslider-loading fusion-post-slideshow\" style=\"border-color:#ebeaea;\">\n\t\t<ul class=\"slides\">\n\t\t\t\n\t\t\t\t\t\t\t\t\t\t\t\t\t\t<li><div  class=\"fusion-image-wrapper\" aria-haspopup=\"true\">\n\t\t\t\t<img decoding=\"async\" width=\"1200\" height=\"802\" src=\"https:\/\/iordel.com\/wp-content\/uploads\/2021\/11\/Guadiaro-web.jpg\" class=\"attachment-full size-full wp-post-image\" alt=\"Guadiaro-web\" srcset=\"https:\/\/iordel.com\/wp-content\/uploads\/2021\/11\/Guadiaro-web-200x134.jpg 200w, https:\/\/iordel.com\/wp-content\/uploads\/2021\/11\/Guadiaro-web-400x267.jpg 400w, https:\/\/iordel.com\/wp-content\/uploads\/2021\/11\/Guadiaro-web-600x401.jpg 600w, https:\/\/iordel.com\/wp-content\/uploads\/2021\/11\/Guadiaro-web-800x535.jpg 800w, https:\/\/iordel.com\/wp-content\/uploads\/2021\/11\/Guadiaro-web.jpg 1200w\" sizes=\"(min-width: 2200px) 100vw, (min-width: 712px) 580px, (min-width: 640px) 712px, \" \/><div class=\"fusion-rollover\">\n\t<div class=\"fusion-rollover-content\">\n\n\t\t\t\t\n\t\t\n\t\t\t\t\t\t\t\t\t\t\t\t<h4 class=\"fusion-rollover-title\">\n\t\t\t\t\t<a class=\"fusion-rollover-title-link\" href=\"https:\/\/iordel.com\/es\/n128-iron-bridge-guadiaro-river\/\">\n\t\t\t\t\t\tN128- Iron Bridge &#8211; Guadiaro River\t\t\t\t\t<\/a>\n\t\t\t\t<\/h4>\n\t\t\t\n\t\t\t\t\t\t\t\t\n\t\t\n\t\t\t\t\t\t<a class=\"fusion-link-wrapper\" href=\"https:\/\/iordel.com\/es\/n128-iron-bridge-guadiaro-river\/\" aria-label=\"N128- Puente de Hierro \u2013 R\u00edo Guadiaro\"><\/a>\n\t<\/div>\n<\/div>\n<\/div>\n<\/li>\n\t\t\t\n\t\t\t\n\t\t\t\t\t\t\t\t\t\t\t\t\t\t\t\t\t\t\t\t\t\t\t\t\t\t\t\t\t\t\t\t\t\t\t\t\t\t\t\t\t\t\t\t\t\t\t\t\t\t\t\t\t\t\t\t\t\t\t\t\t\t\t\t\t\t\t\t<\/ul>\n\t<\/div>\n\t<div class=\"fusion-post-content-wrapper\" style=\"padding:2% 2% 2% 2%;\"><div class=\"fusion-post-content post-content\"><h2 class=\"blog-shortcode-post-title entry-title\"><a href=\"https:\/\/iordel.com\/es\/n128-iron-bridge-guadiaro-river\/\">N128- Iron Bridge &#8211; Guadiaro River<\/a><\/h2><div class=\"fusion-post-content-container\"><p>Un hombre con su perro rema por el r\u00edo Guadiaro en una canoa. Llegan al Puente de Hierro. Mientras tanto, un ni\u00f1o pesca desde la orilla, tambi\u00e9n con su perro.<\/p><\/div><\/div><\/div><div class=\"fusion-clearfix\"><\/div><\/div>\n<\/article>\n<article id=\"blog-1-post-27741\" class=\"fusion-post-grid post-27741 post type-post status-publish format-standard has-post-thumbnail hentry category-campo-de-gibraltar-en category-gibraltar-en category-latest-en\">\n<div class=\"fusion-post-wrapper\" style=\"background-color:rgba(255,255,255,1);border:1px solid #ebeaea;border-bottom-width:3px;\">\n\n\t\t\t<div class=\"fusion-flexslider flexslider fusion-flexslider-loading fusion-post-slideshow\" style=\"border-color:#ebeaea;\">\n\t\t<ul class=\"slides\">\n\t\t\t\n\t\t\t\t\t\t\t\t\t\t\t\t\t\t<li><div  class=\"fusion-image-wrapper\" aria-haspopup=\"true\">\n\t\t\t\t<img decoding=\"async\" width=\"1200\" height=\"787\" src=\"https:\/\/iordel.com\/wp-content\/uploads\/2021\/11\/Los-Portichuelos-99-web3.jpg\" class=\"attachment-full size-full wp-post-image\" alt=\"Los-Portichuelos-99-web3\" srcset=\"https:\/\/iordel.com\/wp-content\/uploads\/2021\/11\/Los-Portichuelos-99-web3-200x131.jpg 200w, https:\/\/iordel.com\/wp-content\/uploads\/2021\/11\/Los-Portichuelos-99-web3-400x262.jpg 400w, https:\/\/iordel.com\/wp-content\/uploads\/2021\/11\/Los-Portichuelos-99-web3-600x393.jpg 600w, https:\/\/iordel.com\/wp-content\/uploads\/2021\/11\/Los-Portichuelos-99-web3-800x524.jpg 800w, https:\/\/iordel.com\/wp-content\/uploads\/2021\/11\/Los-Portichuelos-99-web3.jpg 1200w\" sizes=\"(min-width: 2200px) 100vw, (min-width: 712px) 580px, (min-width: 640px) 712px, \" \/><div class=\"fusion-rollover\">\n\t<div class=\"fusion-rollover-content\">\n\n\t\t\t\t\n\t\t\n\t\t\t\t\t\t\t\t\t\t\t\t<h4 class=\"fusion-rollover-title\">\n\t\t\t\t\t<a class=\"fusion-rollover-title-link\" href=\"https:\/\/iordel.com\/es\/n126-los-portichuelos-natural-reserve\/\">\n\t\t\t\t\t\tN126- Reserva Natural Los Portichuelos\t\t\t\t\t<\/a>\n\t\t\t\t<\/h4>\n\t\t\t\n\t\t\t\t\t\t\t\t\n\t\t\n\t\t\t\t\t\t<a class=\"fusion-link-wrapper\" href=\"https:\/\/iordel.com\/es\/n126-los-portichuelos-natural-reserve\/\" aria-label=\"N126- Reserva Natural Los Portichuelos\"><\/a>\n\t<\/div>\n<\/div>\n<\/div>\n<\/li>\n\t\t\t\n\t\t\t\n\t\t\t\t\t\t\t\t\t\t\t\t\t\t\t\t\t\t\t\t\t\t\t\t\t\t\t\t\t\t\t\t\t\t\t\t\t\t\t\t\t\t\t\t\t\t\t\t\t\t\t\t\t\t\t\t\t\t\t\t\t\t\t\t\t\t\t\t<\/ul>\n\t<\/div>\n\t<div class=\"fusion-post-content-wrapper\" style=\"padding:2% 2% 2% 2%;\"><div class=\"fusion-post-content post-content\"><h2 class=\"blog-shortcode-post-title entry-title\"><a href=\"https:\/\/iordel.com\/es\/n126-los-portichuelos-natural-reserve\/\">N126- Reserva Natural Los Portichuelos<\/a><\/h2><div class=\"fusion-post-content-container\"><p>Una Reserva Natural que se encuentra entre La L\u00ednea y Alcaidesa. Cre\u00e9 esta pintura para ayudar en la campa\u00f1a para proteger esta \u00e1rea contra la construcci\u00f3n de una estaci\u00f3n el\u00e9ctrica.<\/p><\/div><\/div><\/div><div class=\"fusion-clearfix\"><\/div><\/div>\n<\/article>\n<article id=\"blog-1-post-27737\" class=\"fusion-post-grid post-27737 post type-post status-publish format-standard has-post-thumbnail hentry category-campo-de-gibraltar-en category-gibraltar-en category-latest-en\">\n<div class=\"fusion-post-wrapper\" style=\"background-color:rgba(255,255,255,1);border:1px solid #ebeaea;border-bottom-width:3px;\">\n\n\t\t\t<div class=\"fusion-flexslider flexslider fusion-flexslider-loading fusion-post-slideshow\" style=\"border-color:#ebeaea;\">\n\t\t<ul class=\"slides\">\n\t\t\t\n\t\t\t\t\t\t\t\t\t\t\t\t\t\t<li><div  class=\"fusion-image-wrapper\" aria-haspopup=\"true\">\n\t\t\t\t<img decoding=\"async\" width=\"1200\" height=\"807\" src=\"https:\/\/iordel.com\/wp-content\/uploads\/2021\/11\/La-Atunara-web.jpg\" class=\"attachment-full size-full wp-post-image\" alt=\"La-Atunara-web\" srcset=\"https:\/\/iordel.com\/wp-content\/uploads\/2021\/11\/La-Atunara-web-200x135.jpg 200w, https:\/\/iordel.com\/wp-content\/uploads\/2021\/11\/La-Atunara-web-400x269.jpg 400w, https:\/\/iordel.com\/wp-content\/uploads\/2021\/11\/La-Atunara-web-600x404.jpg 600w, https:\/\/iordel.com\/wp-content\/uploads\/2021\/11\/La-Atunara-web-800x538.jpg 800w, https:\/\/iordel.com\/wp-content\/uploads\/2021\/11\/La-Atunara-web.jpg 1200w\" sizes=\"(min-width: 2200px) 100vw, (min-width: 712px) 580px, (min-width: 640px) 712px, \" \/><div class=\"fusion-rollover\">\n\t<div class=\"fusion-rollover-content\">\n\n\t\t\t\t\n\t\t\n\t\t\t\t\t\t\t\t\t\t\t\t<h4 class=\"fusion-rollover-title\">\n\t\t\t\t\t<a class=\"fusion-rollover-title-link\" href=\"https:\/\/iordel.com\/es\/n125-kids-on-the-beach-atunara\/\">\n\t\t\t\t\t\tN125- Ni\u00f1os en la playa- Atunara\t\t\t\t\t<\/a>\n\t\t\t\t<\/h4>\n\t\t\t\n\t\t\t\t\t\t\t\t\n\t\t\n\t\t\t\t\t\t<a class=\"fusion-link-wrapper\" href=\"https:\/\/iordel.com\/es\/n125-kids-on-the-beach-atunara\/\" aria-label=\"N125- Ni\u00f1os en la playa- Atunara\"><\/a>\n\t<\/div>\n<\/div>\n<\/div>\n<\/li>\n\t\t\t\n\t\t\t\n\t\t\t\t\t\t\t\t\t\t\t\t\t\t\t\t\t\t\t\t\t\t\t\t\t\t\t\t\t\t\t\t\t\t\t\t\t\t\t\t\t\t\t\t\t\t\t\t\t\t\t\t\t\t\t\t\t\t\t\t\t\t\t\t\t\t\t\t<\/ul>\n\t<\/div>\n\t<div class=\"fusion-post-content-wrapper\" style=\"padding:2% 2% 2% 2%;\"><div class=\"fusion-post-content post-content\"><h2 class=\"blog-shortcode-post-title entry-title\"><a href=\"https:\/\/iordel.com\/es\/n125-kids-on-the-beach-atunara\/\">N125- Ni\u00f1os en la playa- Atunara<\/a><\/h2><div class=\"fusion-post-content-container\"><p>Un grupo de ni\u00f1os se re\u00fane en la playa en un d\u00eda de levante en la Atunara. <\/p><\/div><\/div><\/div><div class=\"fusion-clearfix\"><\/div><\/div>\n<\/article>\n<article id=\"blog-1-post-27666\" class=\"fusion-post-grid post-27666 post type-post status-publish format-standard has-post-thumbnail hentry category-campo-de-gibraltar-en category-gibraltar-en category-latest-en\">\n<div class=\"fusion-post-wrapper\" style=\"background-color:rgba(255,255,255,1);border:1px solid #ebeaea;border-bottom-width:3px;\">\n\n\t\t\t<div class=\"fusion-flexslider flexslider fusion-flexslider-loading fusion-post-slideshow\" style=\"border-color:#ebeaea;\">\n\t\t<ul class=\"slides\">\n\t\t\t\n\t\t\t\t\t\t\t\t\t\t\t\t\t\t<li><div  class=\"fusion-image-wrapper\" aria-haspopup=\"true\">\n\t\t\t\t<img decoding=\"async\" width=\"1200\" height=\"806\" src=\"https:\/\/iordel.com\/wp-content\/uploads\/2021\/11\/Llegando-a-buen-puerto.jpg\" class=\"attachment-full size-full wp-post-image\" alt=\"Llegando-a-buen-puerto\" srcset=\"https:\/\/iordel.com\/wp-content\/uploads\/2021\/11\/Llegando-a-buen-puerto-200x134.jpg 200w, https:\/\/iordel.com\/wp-content\/uploads\/2021\/11\/Llegando-a-buen-puerto-400x269.jpg 400w, https:\/\/iordel.com\/wp-content\/uploads\/2021\/11\/Llegando-a-buen-puerto-600x403.jpg 600w, https:\/\/iordel.com\/wp-content\/uploads\/2021\/11\/Llegando-a-buen-puerto-800x537.jpg 800w, https:\/\/iordel.com\/wp-content\/uploads\/2021\/11\/Llegando-a-buen-puerto.jpg 1200w\" sizes=\"(min-width: 2200px) 100vw, (min-width: 712px) 580px, (min-width: 640px) 712px, \" \/><div class=\"fusion-rollover\">\n\t<div class=\"fusion-rollover-content\">\n\n\t\t\t\t\n\t\t\n\t\t\t\t\t\t\t\t\t\t\t\t<h4 class=\"fusion-rollover-title\">\n\t\t\t\t\t<a class=\"fusion-rollover-title-link\" href=\"https:\/\/iordel.com\/es\/n94-a-ship-to-a-good-harbour\/\">\n\t\t\t\t\t\tN94-A Barco a buen puerto\t\t\t\t\t<\/a>\n\t\t\t\t<\/h4>\n\t\t\t\n\t\t\t\t\t\t\t\t\n\t\t\n\t\t\t\t\t\t<a class=\"fusion-link-wrapper\" href=\"https:\/\/iordel.com\/es\/n94-a-ship-to-a-good-harbour\/\" aria-label=\"N94-A Barco a buen puerto\"><\/a>\n\t<\/div>\n<\/div>\n<\/div>\n<\/li>\n\t\t\t\n\t\t\t\n\t\t\t\t\t\t\t\t\t\t\t\t\t\t\t\t\t\t\t\t\t\t\t\t\t\t\t\t\t\t\t\t\t\t\t\t\t\t\t\t\t\t\t\t\t\t\t\t\t\t\t\t\t\t\t\t\t\t\t\t\t\t\t\t\t\t\t\t<\/ul>\n\t<\/div>\n\t<div class=\"fusion-post-content-wrapper\" style=\"padding:2% 2% 2% 2%;\"><div class=\"fusion-post-content post-content\"><h2 class=\"blog-shortcode-post-title entry-title\"><a href=\"https:\/\/iordel.com\/es\/n94-a-ship-to-a-good-harbour\/\">N94-A Barco a buen puerto<\/a><\/h2><div class=\"fusion-post-content-container\"><p>Un barco de pesca llega al puerto de La L\u00ednea por la noche. El Pe\u00f1\u00f3n de Gibraltar est\u00e1 detr\u00e1s iluminado.<\/p><\/div><\/div><\/div><div class=\"fusion-clearfix\"><\/div><\/div>\n<\/article>\n<article id=\"blog-1-post-27661\" class=\"fusion-post-grid post-27661 post type-post status-publish format-standard has-post-thumbnail hentry category-campo-de-gibraltar-en category-gibraltar-en category-historical category-latest-en\">\n<div class=\"fusion-post-wrapper\" style=\"background-color:rgba(255,255,255,1);border:1px solid #ebeaea;border-bottom-width:3px;\">\n\n\t\t\t<div class=\"fusion-flexslider flexslider fusion-flexslider-loading fusion-post-slideshow\" style=\"border-color:#ebeaea;\">\n\t\t<ul class=\"slides\">\n\t\t\t\n\t\t\t\t\t\t\t\t\t\t\t\t\t\t<li><div  class=\"fusion-image-wrapper\" aria-haspopup=\"true\">\n\t\t\t\t<img decoding=\"async\" width=\"1200\" height=\"799\" src=\"https:\/\/iordel.com\/wp-content\/uploads\/2021\/11\/Casas-en-la-Arena-web.jpg\" class=\"attachment-full size-full wp-post-image\" alt=\"Casas-en-la-Arena-web\" srcset=\"https:\/\/iordel.com\/wp-content\/uploads\/2021\/11\/Casas-en-la-Arena-web-200x133.jpg 200w, https:\/\/iordel.com\/wp-content\/uploads\/2021\/11\/Casas-en-la-Arena-web-400x266.jpg 400w, https:\/\/iordel.com\/wp-content\/uploads\/2021\/11\/Casas-en-la-Arena-web-600x399.jpg 600w, https:\/\/iordel.com\/wp-content\/uploads\/2021\/11\/Casas-en-la-Arena-web-800x532.jpg 800w, https:\/\/iordel.com\/wp-content\/uploads\/2021\/11\/Casas-en-la-Arena-web.jpg 1200w\" sizes=\"(min-width: 2200px) 100vw, (min-width: 712px) 580px, (min-width: 640px) 712px, \" \/><div class=\"fusion-rollover\">\n\t<div class=\"fusion-rollover-content\">\n\n\t\t\t\t\n\t\t\n\t\t\t\t\t\t\t\t\t\t\t\t<h4 class=\"fusion-rollover-title\">\n\t\t\t\t\t<a class=\"fusion-rollover-title-link\" href=\"https:\/\/iordel.com\/es\/n131-houses-on-the-sand-atunara\/\">\n\t\t\t\t\t\tN131- Casas en la Arena- Atunara\t\t\t\t\t<\/a>\n\t\t\t\t<\/h4>\n\t\t\t\n\t\t\t\t\t\t\t\t\n\t\t\n\t\t\t\t\t\t<a class=\"fusion-link-wrapper\" href=\"https:\/\/iordel.com\/es\/n131-houses-on-the-sand-atunara\/\" aria-label=\"N131- Casas en la Arena- Atunara\"><\/a>\n\t<\/div>\n<\/div>\n<\/div>\n<\/li>\n\t\t\t\n\t\t\t\n\t\t\t\t\t\t\t\t\t\t\t\t\t\t\t\t\t\t\t\t\t\t\t\t\t\t\t\t\t\t\t\t\t\t\t\t\t\t\t\t\t\t\t\t\t\t\t\t\t\t\t\t\t\t\t\t\t\t\t\t\t\t\t\t\t\t\t\t<\/ul>\n\t<\/div>\n\t<div class=\"fusion-post-content-wrapper\" style=\"padding:2% 2% 2% 2%;\"><div class=\"fusion-post-content post-content\"><h2 class=\"blog-shortcode-post-title entry-title\"><a href=\"https:\/\/iordel.com\/es\/n131-houses-on-the-sand-atunara\/\">N131- Casas en la Arena- Atunara<\/a><\/h2><div class=\"fusion-post-content-container\"><p>Un viaje al pasado, hacia 1950. Sobre la arena se alzan las casas de pescadores de la Atunara, una mirada al pasado de este barrio pesquero.<\/p><\/div><\/div><\/div><div class=\"fusion-clearfix\"><\/div><\/div>\n<\/article>\n<article id=\"blog-1-post-27647\" class=\"fusion-post-grid post-27647 post type-post status-publish format-standard has-post-thumbnail hentry category-campo-de-gibraltar-en category-latest-en category-tarifa-costa-de-la-luz-en\">\n<div class=\"fusion-post-wrapper\" style=\"background-color:rgba(255,255,255,1);border:1px solid #ebeaea;border-bottom-width:3px;\">\n\n\t\t\t<div class=\"fusion-flexslider flexslider fusion-flexslider-loading fusion-post-slideshow\" style=\"border-color:#ebeaea;\">\n\t\t<ul class=\"slides\">\n\t\t\t\n\t\t\t\t\t\t\t\t\t\t\t\t\t\t<li><div  class=\"fusion-image-wrapper\" aria-haspopup=\"true\">\n\t\t\t\t<img decoding=\"async\" width=\"1200\" height=\"822\" src=\"https:\/\/iordel.com\/wp-content\/uploads\/2021\/11\/Final-web.jpg\" class=\"attachment-full size-full wp-post-image\" alt=\"Final-web\" srcset=\"https:\/\/iordel.com\/wp-content\/uploads\/2021\/11\/Final-web-200x137.jpg 200w, https:\/\/iordel.com\/wp-content\/uploads\/2021\/11\/Final-web-400x274.jpg 400w, https:\/\/iordel.com\/wp-content\/uploads\/2021\/11\/Final-web-600x411.jpg 600w, https:\/\/iordel.com\/wp-content\/uploads\/2021\/11\/Final-web-800x548.jpg 800w, https:\/\/iordel.com\/wp-content\/uploads\/2021\/11\/Final-web.jpg 1200w\" sizes=\"(min-width: 2200px) 100vw, (min-width: 712px) 580px, (min-width: 640px) 712px, \" \/><div class=\"fusion-rollover\">\n\t<div class=\"fusion-rollover-content\">\n\n\t\t\t\t\n\t\t\n\t\t\t\t\t\t\t\t\t\t\t\t<h4 class=\"fusion-rollover-title\">\n\t\t\t\t\t<a class=\"fusion-rollover-title-link\" href=\"https:\/\/iordel.com\/es\/n134-punta-paloma-tarifa\/\">\n\t\t\t\t\t\tN134- Punta Paloma- Tarifa\t\t\t\t\t<\/a>\n\t\t\t\t<\/h4>\n\t\t\t\n\t\t\t\t\t\t\t\t\n\t\t\n\t\t\t\t\t\t<a class=\"fusion-link-wrapper\" href=\"https:\/\/iordel.com\/es\/n134-punta-paloma-tarifa\/\" aria-label=\"N134- Punta Paloma- Tarifa\"><\/a>\n\t<\/div>\n<\/div>\n<\/div>\n<\/li>\n\t\t\t\n\t\t\t\n\t\t\t\t\t\t\t\t\t\t\t\t\t\t\t\t\t\t\t\t\t\t\t\t\t\t\t\t\t\t\t\t\t\t\t\t\t\t\t\t\t\t\t\t\t\t\t\t\t\t\t\t\t\t\t\t\t\t\t\t\t\t\t\t\t\t\t\t<\/ul>\n\t<\/div>\n\t<div class=\"fusion-post-content-wrapper\" style=\"padding:2% 2% 2% 2%;\"><div class=\"fusion-post-content post-content\"><h2 class=\"blog-shortcode-post-title entry-title\"><a href=\"https:\/\/iordel.com\/es\/n134-punta-paloma-tarifa\/\">N134- Punta Paloma- Tarifa<\/a><\/h2><div class=\"fusion-post-content-container\"><p>La playa y las dunas de Punta Paloma en Tarifa, C\u00e1diz. Una familia pasea a sus perros en los dones mientras los kitesurfistas disfrutan de un d\u00eda ventoso en el estrecho.<\/p><\/div><\/div><\/div><div class=\"fusion-clearfix\"><\/div><\/div>\n<\/article>\n<article id=\"blog-1-post-2122\" class=\"fusion-post-grid post-2122 post type-post status-publish format-standard has-post-thumbnail hentry category-campo-de-gibraltar-en category-latest-en\">\n<div class=\"fusion-post-wrapper\" style=\"background-color:rgba(255,255,255,1);border:1px solid #ebeaea;border-bottom-width:3px;\">\n\n\t\t\t<div class=\"fusion-flexslider flexslider fusion-flexslider-loading fusion-post-slideshow\" style=\"border-color:#ebeaea;\">\n\t\t<ul class=\"slides\">\n\t\t\t\n\t\t\t\t\t\t\t\t\t\t\t\t\t\t<li><div  class=\"fusion-image-wrapper\" aria-haspopup=\"true\">\n\t\t\t\t<img decoding=\"async\" width=\"762\" height=\"1200\" src=\"https:\/\/iordel.com\/wp-content\/uploads\/2020\/06\/100-B-web.jpg\" class=\"attachment-full size-full wp-post-image\" alt=\"\" srcset=\"https:\/\/iordel.com\/wp-content\/uploads\/2020\/06\/100-B-web-200x315.jpg 200w, https:\/\/iordel.com\/wp-content\/uploads\/2020\/06\/100-B-web-400x630.jpg 400w, https:\/\/iordel.com\/wp-content\/uploads\/2020\/06\/100-B-web-600x944.jpg 600w, https:\/\/iordel.com\/wp-content\/uploads\/2020\/06\/100-B-web.jpg 762w, https:\/\/iordel.com\/wp-content\/uploads\/2020\/06\/100-B-web-800x1259.jpg 800w\" sizes=\"(min-width: 2200px) 100vw, (min-width: 712px) 580px, (min-width: 640px) 712px, \" \/><div class=\"fusion-rollover\">\n\t<div class=\"fusion-rollover-content\">\n\n\t\t\t\t\n\t\t\n\t\t\t\t\t\t\t\t\t\t\t\t<h4 class=\"fusion-rollover-title\">\n\t\t\t\t\t<a class=\"fusion-rollover-title-link\" href=\"https:\/\/iordel.com\/es\/the-cats-of-san-roque\/\">\n\t\t\t\t\t\tN11- Los Gatos de San Roque\t\t\t\t\t<\/a>\n\t\t\t\t<\/h4>\n\t\t\t\n\t\t\t\t\t\t\t\t\n\t\t\n\t\t\t\t\t\t<a class=\"fusion-link-wrapper\" href=\"https:\/\/iordel.com\/es\/the-cats-of-san-roque\/\" aria-label=\"N11- Los Gatos de San Roque\"><\/a>\n\t<\/div>\n<\/div>\n<\/div>\n<\/li>\n\t\t\t\n\t\t\t\n\t\t\t\t\t\t\t\t\t\t\t\t\t\t\t\t\t\t\t\t\t\t\t\t\t\t\t\t\t\t\t\t\t\t\t\t\t\t\t\t\t\t\t\t\t\t\t\t\t\t\t\t\t\t\t\t\t\t\t\t\t\t\t\t\t\t\t\t<\/ul>\n\t<\/div>\n\t<div class=\"fusion-post-content-wrapper\" style=\"padding:2% 2% 2% 2%;\"><div class=\"fusion-post-content post-content\"><h2 class=\"blog-shortcode-post-title entry-title\"><a href=\"https:\/\/iordel.com\/es\/the-cats-of-san-roque\/\">N11- Los Gatos de San Roque<\/a><\/h2><div class=\"fusion-post-content-container\"><p>Los gatos se juntan en los tejados de las casas de San Roque bajo la luna llena.<\/p><\/div><\/div><\/div><div class=\"fusion-clearfix\"><\/div><\/div>\n<\/article>\n<article id=\"blog-1-post-27222\" class=\"fusion-post-grid post-27222 post type-post status-publish format-standard has-post-thumbnail hentry category-campo-de-gibraltar-en category-latest-en category-tarifa-costa-de-la-luz-en\">\n<div class=\"fusion-post-wrapper\" style=\"background-color:rgba(255,255,255,1);border:1px solid #ebeaea;border-bottom-width:3px;\">\n\n\t\t\t<div class=\"fusion-flexslider flexslider fusion-flexslider-loading fusion-post-slideshow\" style=\"border-color:#ebeaea;\">\n\t\t<ul class=\"slides\">\n\t\t\t\n\t\t\t\t\t\t\t\t\t\t\t\t\t\t<li><div  class=\"fusion-image-wrapper\" aria-haspopup=\"true\">\n\t\t\t\t<img decoding=\"async\" width=\"1200\" height=\"597\" src=\"https:\/\/iordel.com\/wp-content\/uploads\/2021\/02\/ATLANTERRA-ZAHARA-Arte-Cabalero-iordel-.jpg\" class=\"attachment-full size-full wp-post-image\" alt=\"\" srcset=\"https:\/\/iordel.com\/wp-content\/uploads\/2021\/02\/ATLANTERRA-ZAHARA-Arte-Cabalero-iordel--200x99.jpg 200w, https:\/\/iordel.com\/wp-content\/uploads\/2021\/02\/ATLANTERRA-ZAHARA-Arte-Cabalero-iordel--400x199.jpg 400w, https:\/\/iordel.com\/wp-content\/uploads\/2021\/02\/ATLANTERRA-ZAHARA-Arte-Cabalero-iordel--600x298.jpg 600w, https:\/\/iordel.com\/wp-content\/uploads\/2021\/02\/ATLANTERRA-ZAHARA-Arte-Cabalero-iordel--800x398.jpg 800w, https:\/\/iordel.com\/wp-content\/uploads\/2021\/02\/ATLANTERRA-ZAHARA-Arte-Cabalero-iordel-.jpg 1200w\" sizes=\"(min-width: 2200px) 100vw, (min-width: 712px) 580px, (min-width: 640px) 712px, \" \/><div class=\"fusion-rollover\">\n\t<div class=\"fusion-rollover-content\">\n\n\t\t\t\t\n\t\t\n\t\t\t\t\t\t\t\t\t\t\t\t<h4 class=\"fusion-rollover-title\">\n\t\t\t\t\t<a class=\"fusion-rollover-title-link\" href=\"https:\/\/iordel.com\/es\/atlanterra-zahara-beach\/\">\n\t\t\t\t\t\tN28- Atlanterra &#8211; Zahara Beach\t\t\t\t\t<\/a>\n\t\t\t\t<\/h4>\n\t\t\t\n\t\t\t\t\t\t\t\t\n\t\t\n\t\t\t\t\t\t<a class=\"fusion-link-wrapper\" href=\"https:\/\/iordel.com\/es\/atlanterra-zahara-beach\/\" aria-label=\"N28- Atlanterra - Playa Zahara\"><\/a>\n\t<\/div>\n<\/div>\n<\/div>\n<\/li>\n\t\t\t\n\t\t\t\n\t\t\t\t\t\t\t\t\t\t\t\t\t\t\t\t\t\t\t\t\t\t\t\t\t\t\t\t\t\t\t\t\t\t\t\t\t\t\t\t\t\t\t\t\t\t\t\t\t\t\t\t\t\t\t\t\t\t\t\t\t\t\t\t\t\t\t\t<\/ul>\n\t<\/div>\n\t<div class=\"fusion-post-content-wrapper\" style=\"padding:2% 2% 2% 2%;\"><div class=\"fusion-post-content post-content\"><h2 class=\"blog-shortcode-post-title entry-title\"><a href=\"https:\/\/iordel.com\/es\/atlanterra-zahara-beach\/\">N28- Atlanterra &#8211; Zahara Beach<\/a><\/h2><div class=\"fusion-post-content-container\"><p>Temprano en la ma\u00f1ana, un surfista contempla las olas antes de dirigirse a la playa de Atlanterra, costa de la luz, Tarifa.<\/p><\/div><\/div><\/div><div class=\"fusion-clearfix\"><\/div><\/div>\n<\/article>\n<article id=\"blog-1-post-27652\" class=\"fusion-post-grid post-27652 post type-post status-publish format-standard has-post-thumbnail hentry category-campo-de-gibraltar-en category-latest-en\">\n<div class=\"fusion-post-wrapper\" style=\"background-color:rgba(255,255,255,1);border:1px solid #ebeaea;border-bottom-width:3px;\">\n\n\t\t\t<div class=\"fusion-flexslider flexslider fusion-flexslider-loading fusion-post-slideshow\" style=\"border-color:#ebeaea;\">\n\t\t<ul class=\"slides\">\n\t\t\t\n\t\t\t\t\t\t\t\t\t\t\t\t\t\t<li><div  class=\"fusion-image-wrapper\" aria-haspopup=\"true\">\n\t\t\t\t<img decoding=\"async\" width=\"1200\" height=\"782\" src=\"https:\/\/iordel.com\/wp-content\/uploads\/2021\/11\/Flamencos-por-la-torre-Web.jpg\" class=\"attachment-full size-full wp-post-image\" alt=\"Flamencos-por-la-torre-Web\" srcset=\"https:\/\/iordel.com\/wp-content\/uploads\/2021\/11\/Flamencos-por-la-torre-Web-200x130.jpg 200w, https:\/\/iordel.com\/wp-content\/uploads\/2021\/11\/Flamencos-por-la-torre-Web-400x261.jpg 400w, https:\/\/iordel.com\/wp-content\/uploads\/2021\/11\/Flamencos-por-la-torre-Web-600x391.jpg 600w, https:\/\/iordel.com\/wp-content\/uploads\/2021\/11\/Flamencos-por-la-torre-Web-800x522.jpg 800w, https:\/\/iordel.com\/wp-content\/uploads\/2021\/11\/Flamencos-por-la-torre-Web.jpg 1200w\" sizes=\"(min-width: 2200px) 100vw, (min-width: 712px) 580px, (min-width: 640px) 712px, \" \/><div class=\"fusion-rollover\">\n\t<div class=\"fusion-rollover-content\">\n\n\t\t\t\t\n\t\t\n\t\t\t\t\t\t\t\t\t\t\t\t<h4 class=\"fusion-rollover-title\">\n\t\t\t\t\t<a class=\"fusion-rollover-title-link\" href=\"https:\/\/iordel.com\/es\/n133-flamingos-by-the-tower\/\">\n\t\t\t\t\t\tN133-Flamencos por la Torre\t\t\t\t\t<\/a>\n\t\t\t\t<\/h4>\n\t\t\t\n\t\t\t\t\t\t\t\t\n\t\t\n\t\t\t\t\t\t<a class=\"fusion-link-wrapper\" href=\"https:\/\/iordel.com\/es\/n133-flamingos-by-the-tower\/\" aria-label=\"N133-Flamencos por la Torre\"><\/a>\n\t<\/div>\n<\/div>\n<\/div>\n<\/li>\n\t\t\t\n\t\t\t\n\t\t\t\t\t\t\t\t\t\t\t\t\t\t\t\t\t\t\t\t\t\t\t\t\t\t\t\t\t\t\t\t\t\t\t\t\t\t\t\t\t\t\t\t\t\t\t\t\t\t\t\t\t\t\t\t\t\t\t\t\t\t\t\t\t\t\t\t<\/ul>\n\t<\/div>\n\t<div class=\"fusion-post-content-wrapper\" style=\"padding:2% 2% 2% 2%;\"><div class=\"fusion-post-content post-content\"><h2 class=\"blog-shortcode-post-title entry-title\"><a href=\"https:\/\/iordel.com\/es\/n133-flamingos-by-the-tower\/\">N133-Flamencos por la Torre<\/a><\/h2><div class=\"fusion-post-content-container\"><p>Los flamencos vuelan sobre la torre, el pe\u00f1\u00f3n de Gibraltar al fondo.<\/p><\/div><\/div><\/div><div class=\"fusion-clearfix\"><\/div><\/div>\n<\/article>\n<article id=\"blog-1-post-2118\" class=\"fusion-post-grid post-2118 post type-post status-publish format-standard has-post-thumbnail hentry category-campo-de-gibraltar-en category-latest-en\">\n<div class=\"fusion-post-wrapper\" style=\"background-color:rgba(255,255,255,1);border:1px solid #ebeaea;border-bottom-width:3px;\">\n\n\t\t\t<div class=\"fusion-flexslider flexslider fusion-flexslider-loading fusion-post-slideshow\" style=\"border-color:#ebeaea;\">\n\t\t<ul class=\"slides\">\n\t\t\t\n\t\t\t\t\t\t\t\t\t\t\t\t\t\t<li><div  class=\"fusion-image-wrapper\" aria-haspopup=\"true\">\n\t\t\t\t<img decoding=\"async\" width=\"1200\" height=\"794\" src=\"https:\/\/iordel.com\/wp-content\/uploads\/2020\/06\/100-WEB.jpg\" class=\"attachment-full size-full wp-post-image\" alt=\"\" srcset=\"https:\/\/iordel.com\/wp-content\/uploads\/2020\/06\/100-WEB-200x132.jpg 200w, https:\/\/iordel.com\/wp-content\/uploads\/2020\/06\/100-WEB-400x265.jpg 400w, https:\/\/iordel.com\/wp-content\/uploads\/2020\/06\/100-WEB-600x397.jpg 600w, https:\/\/iordel.com\/wp-content\/uploads\/2020\/06\/100-WEB-800x529.jpg 800w, https:\/\/iordel.com\/wp-content\/uploads\/2020\/06\/100-WEB.jpg 1200w\" sizes=\"(min-width: 2200px) 100vw, (min-width: 712px) 580px, (min-width: 640px) 712px, \" \/><div class=\"fusion-rollover\">\n\t<div class=\"fusion-rollover-content\">\n\n\t\t\t\t\n\t\t\n\t\t\t\t\t\t\t\t\t\t\t\t<h4 class=\"fusion-rollover-title\">\n\t\t\t\t\t<a class=\"fusion-rollover-title-link\" href=\"https:\/\/iordel.com\/es\/by-the-riverside-jimena-de-la-frontera\/\">\n\t\t\t\t\t\tN1- By the Riverside &#8211; Jimena de la Frontera\t\t\t\t\t<\/a>\n\t\t\t\t<\/h4>\n\t\t\t\n\t\t\t\t\t\t\t\t\n\t\t\n\t\t\t\t\t\t<a class=\"fusion-link-wrapper\" href=\"https:\/\/iordel.com\/es\/by-the-riverside-jimena-de-la-frontera\/\" aria-label=\"N1- Por la Ribera - Jimena de la Frontera\"><\/a>\n\t<\/div>\n<\/div>\n<\/div>\n<\/li>\n\t\t\t\n\t\t\t\n\t\t\t\t\t\t\t\t\t\t\t\t\t\t\t\t\t\t\t\t\t\t\t\t\t\t\t\t\t\t\t\t\t\t\t\t\t\t\t\t\t\t\t\t\t\t\t\t\t\t\t\t\t\t\t\t\t\t\t\t\t\t\t\t\t\t\t\t<\/ul>\n\t<\/div>\n\t<div class=\"fusion-post-content-wrapper\" style=\"padding:2% 2% 2% 2%;\"><div class=\"fusion-post-content post-content\"><h2 class=\"blog-shortcode-post-title entry-title\"><a href=\"https:\/\/iordel.com\/es\/by-the-riverside-jimena-de-la-frontera\/\">N1- By the Riverside &#8211; Jimena de la Frontera<\/a><\/h2><div class=\"fusion-post-content-container\"><p>Jimena de la Frontera descansa al atardecer, todo est\u00e1 en calma, el sonido del r\u00edo Hozgarganta y el canto de los p\u00e1jaros crea una sensaci\u00f3n de bienestar.<\/p><\/div><\/div><\/div><div class=\"fusion-clearfix\"><\/div><\/div>\n<\/article>\n<div class=\"fusion-clearfix\"><\/div><\/div><\/div><\/div><\/div><\/div><\/div><div class=\"fusion-fullwidth fullwidth-box fusion-builder-row-3 fusion-flex-container hundred-percent-fullwidth non-hundred-percent-height-scrolling\" style=\"--awb-border-radius-top-left:0px;--awb-border-radius-top-right:0px;--awb-border-radius-bottom-right:0px;--awb-border-radius-bottom-left:0px;--awb-padding-top:0px;--awb-padding-right:0px;--awb-padding-bottom:0px;--awb-padding-left:0px;--awb-margin-top:0px;--awb-margin-bottom:-30px;--awb-flex-wrap:wrap;\" ><div class=\"fusion-builder-row fusion-row fusion-flex-align-items-stretch fusion-flex-content-wrap\" style=\"width:104% !important;max-width:104% !important;margin-left: calc(-4% \/ 2 );margin-right: calc(-4% \/ 2 );\"><div class=\"fusion-layout-column fusion_builder_column fusion-builder-column-2 fusion_builder_column_1_1 1_1 fusion-flex-column\" style=\"--awb-bg-size:cover;--awb-width-large:100%;--awb-margin-top-large:1px;--awb-spacing-right-large:1.92%;--awb-margin-bottom-large:1px;--awb-spacing-left-large:1.92%;--awb-width-medium:100%;--awb-spacing-right-medium:1.92%;--awb-spacing-left-medium:1.92%;--awb-width-small:100%;--awb-spacing-right-small:1.92%;--awb-spacing-left-small:1.92%;\"><div class=\"fusion-column-wrapper fusion-column-has-shadow fusion-flex-justify-content-flex-start fusion-content-layout-column\"><div class=\"fusion-recent-works fusion-portfolio-element fusion-portfolio fusion-portfolio-1 fusion-portfolio-carousel fusion-portfolio-paging-pagination fusion-no-small-visibility recent-works-carousel portfolio-carousel picture-size-auto fusion-portfolio-rollover fusion-animated\" data-id=\"-rw-1\" data-animationtype=\"fadeInLeft\" data-animationduration=\"0.3\" data-animationoffset=\"top-into-view\"><div class=\"awb-carousel awb-swiper awb-swiper-carousel fusion-carousel-title-below-image\" style=\"--awb-columns:5;\" data-metacontent=\"yes\" data-autoplay=\"yes\" data-columns=\"5\" data-itemmargin=\"2\" data-itemwidth=\"180\" data-touchscroll=\"yes\" data-imagesize=\"auto\"><div class=\"swiper-wrapper\"><div class=\"swiper-slide\"><div class=\"fusion-carousel-item-wrapper\"><span class=\"entry-title rich-snippet-hidden\">Series Gibraltar y Campo<\/span><span class=\"vcard rich-snippet-hidden\"><span class=\"fn\"><a href=\"https:\/\/iordel.com\/es\/author\/jdc343_uzf2t41j\/\" title=\"Entradas de admin\" rel=\"author\">administraci\u00f3n<\/a><\/span><\/span><span class=\"updated rich-snippet-hidden\">2024-02-23T12:59:02+01:00<\/span><div  class=\"fusion-image-wrapper\" aria-haspopup=\"true\">\n\t\t\t\t<img decoding=\"async\" width=\"1000\" height=\"1100\" src=\"https:\/\/iordel.com\/wp-content\/uploads\/2016\/08\/Series-Gib.jpg\" class=\"attachment-full size-full wp-post-image\" alt=\"\" srcset=\"https:\/\/iordel.com\/wp-content\/uploads\/2016\/08\/Series-Gib-200x220.jpg 200w, https:\/\/iordel.com\/wp-content\/uploads\/2016\/08\/Series-Gib-400x440.jpg 400w, https:\/\/iordel.com\/wp-content\/uploads\/2016\/08\/Series-Gib-600x660.jpg 600w, https:\/\/iordel.com\/wp-content\/uploads\/2016\/08\/Series-Gib-800x880.jpg 800w, https:\/\/iordel.com\/wp-content\/uploads\/2016\/08\/Series-Gib.jpg 1000w\" sizes=\"(min-width: 2200px) 100vw, (min-width: 928px) 232px, (min-width: 856px) 291px, (min-width: 784px) 387px, (min-width: 712px) 581px, (min-width: 640px) 712px, \" \/><div class=\"fusion-rollover\">\n\t<div class=\"fusion-rollover-content\">\n\n\t\t\t\t\n\t\t\n\t\t\t\t\t\t\t\t\n\t\t\t\t\t\t\t\t\n\t\t\n\t\t\t\t\t\t<a class=\"fusion-link-wrapper\" href=\"https:\/\/iordel.com\/es\/treatment\/gibraltarandcampo\/\" aria-label=\"Serie Gibraltar y Campo\"><\/a>\n\t<\/div>\n<\/div>\n<\/div>\n<h4 class=\"fusion-carousel-title\"><a href=\"https:\/\/iordel.com\/es\/treatment\/gibraltarandcampo\/\" target=\"_self\">Series Gibraltar y Campo<\/a><\/h4><div class=\"fusion-carousel-meta\"><a href=\"https:\/\/iordel.com\/es\/portfolio_category\/series\/\" rel=\"tag\">Las Series<\/a><\/div><\/div><\/div><div class=\"swiper-slide\"><div class=\"fusion-carousel-item-wrapper\"><span class=\"entry-title rich-snippet-hidden\">Serie de Golf Surrealista<\/span><span class=\"vcard rich-snippet-hidden\"><span class=\"fn\"><a href=\"https:\/\/iordel.com\/es\/author\/jdc343_uzf2t41j\/\" title=\"Entradas de admin\" rel=\"author\">administraci\u00f3n<\/a><\/span><\/span><span class=\"updated rich-snippet-hidden\">2024-02-23T12:58:53+01:00<\/span><div  class=\"fusion-image-wrapper\" aria-haspopup=\"true\">\n\t\t\t\t<img decoding=\"async\" width=\"1000\" height=\"1100\" src=\"https:\/\/iordel.com\/wp-content\/uploads\/2016\/08\/Series-Golf.jpg\" class=\"attachment-full size-full wp-post-image\" alt=\"\" srcset=\"https:\/\/iordel.com\/wp-content\/uploads\/2016\/08\/Series-Golf-200x220.jpg 200w, https:\/\/iordel.com\/wp-content\/uploads\/2016\/08\/Series-Golf-400x440.jpg 400w, https:\/\/iordel.com\/wp-content\/uploads\/2016\/08\/Series-Golf-600x660.jpg 600w, https:\/\/iordel.com\/wp-content\/uploads\/2016\/08\/Series-Golf-800x880.jpg 800w, https:\/\/iordel.com\/wp-content\/uploads\/2016\/08\/Series-Golf.jpg 1000w\" sizes=\"(min-width: 2200px) 100vw, (min-width: 928px) 232px, (min-width: 856px) 291px, (min-width: 784px) 387px, (min-width: 712px) 581px, (min-width: 640px) 712px, \" \/><div class=\"fusion-rollover\">\n\t<div class=\"fusion-rollover-content\">\n\n\t\t\t\t\n\t\t\n\t\t\t\t\t\t\t\t\n\t\t\t\t\t\t\t\t\n\t\t\n\t\t\t\t\t\t<a class=\"fusion-link-wrapper\" href=\"https:\/\/iordel.com\/es\/treatment\/surrealgolf\/\" aria-label=\"Serie de Golf Surrealista\"><\/a>\n\t<\/div>\n<\/div>\n<\/div>\n<h4 class=\"fusion-carousel-title\"><a href=\"https:\/\/iordel.com\/es\/treatment\/surrealgolf\/\" target=\"_self\">Serie de Golf Surrealista<\/a><\/h4><div class=\"fusion-carousel-meta\"><a href=\"https:\/\/iordel.com\/es\/portfolio_category\/series\/\" rel=\"tag\">Las Series<\/a><\/div><\/div><\/div><div class=\"swiper-slide\"><div class=\"fusion-carousel-item-wrapper\"><span class=\"entry-title rich-snippet-hidden\">Serie de M\u00fasica<\/span><span class=\"vcard rich-snippet-hidden\"><span class=\"fn\"><a href=\"https:\/\/iordel.com\/es\/author\/jdc343_uzf2t41j\/\" title=\"Entradas de admin\" rel=\"author\">administraci\u00f3n<\/a><\/span><\/span><span class=\"updated rich-snippet-hidden\">2024-02-23T12:58:47+01:00<\/span><div  class=\"fusion-image-wrapper\" aria-haspopup=\"true\">\n\t\t\t\t<img decoding=\"async\" width=\"1000\" height=\"1100\" src=\"https:\/\/iordel.com\/wp-content\/uploads\/2016\/08\/Series-Music.jpg\" class=\"attachment-full size-full wp-post-image\" alt=\"\" srcset=\"https:\/\/iordel.com\/wp-content\/uploads\/2016\/08\/Series-Music-200x220.jpg 200w, https:\/\/iordel.com\/wp-content\/uploads\/2016\/08\/Series-Music-400x440.jpg 400w, https:\/\/iordel.com\/wp-content\/uploads\/2016\/08\/Series-Music-600x660.jpg 600w, https:\/\/iordel.com\/wp-content\/uploads\/2016\/08\/Series-Music-800x880.jpg 800w, https:\/\/iordel.com\/wp-content\/uploads\/2016\/08\/Series-Music.jpg 1000w\" sizes=\"(min-width: 2200px) 100vw, (min-width: 928px) 232px, (min-width: 856px) 291px, (min-width: 784px) 387px, (min-width: 712px) 581px, (min-width: 640px) 712px, \" \/><div class=\"fusion-rollover\">\n\t<div class=\"fusion-rollover-content\">\n\n\t\t\t\t\n\t\t\n\t\t\t\t\t\t\t\t\n\t\t\t\t\t\t\t\t\n\t\t\n\t\t\t\t\t\t<a class=\"fusion-link-wrapper\" href=\"https:\/\/iordel.com\/es\/treatment\/music_series\/\" aria-label=\"Serie de M\u00fasica\"><\/a>\n\t<\/div>\n<\/div>\n<\/div>\n<h4 class=\"fusion-carousel-title\"><a href=\"https:\/\/iordel.com\/es\/treatment\/music_series\/\" target=\"_self\">Serie de M\u00fasica<\/a><\/h4><div class=\"fusion-carousel-meta\"><a href=\"https:\/\/iordel.com\/es\/portfolio_category\/series\/\" rel=\"tag\">Las Series<\/a><\/div><\/div><\/div><div class=\"swiper-slide\"><div class=\"fusion-carousel-item-wrapper\"><span class=\"entry-title rich-snippet-hidden\">Series Flamenco y Danza<\/span><span class=\"vcard rich-snippet-hidden\"><span class=\"fn\"><a href=\"https:\/\/iordel.com\/es\/author\/jdc343_uzf2t41j\/\" title=\"Entradas de admin\" rel=\"author\">administraci\u00f3n<\/a><\/span><\/span><span class=\"updated rich-snippet-hidden\">2024-02-23T12:58:14+01:00<\/span><div  class=\"fusion-image-wrapper\" aria-haspopup=\"true\">\n\t\t\t\t<img decoding=\"async\" width=\"1000\" height=\"1100\" src=\"https:\/\/iordel.com\/wp-content\/uploads\/2016\/08\/Series-Flamenco.jpg\" class=\"attachment-full size-full wp-post-image\" alt=\"\" srcset=\"https:\/\/iordel.com\/wp-content\/uploads\/2016\/08\/Series-Flamenco-200x220.jpg 200w, https:\/\/iordel.com\/wp-content\/uploads\/2016\/08\/Series-Flamenco-400x440.jpg 400w, https:\/\/iordel.com\/wp-content\/uploads\/2016\/08\/Series-Flamenco-600x660.jpg 600w, https:\/\/iordel.com\/wp-content\/uploads\/2016\/08\/Series-Flamenco-800x880.jpg 800w, https:\/\/iordel.com\/wp-content\/uploads\/2016\/08\/Series-Flamenco.jpg 1000w\" sizes=\"(min-width: 2200px) 100vw, (min-width: 928px) 232px, (min-width: 856px) 291px, (min-width: 784px) 387px, (min-width: 712px) 581px, (min-width: 640px) 712px, \" \/><div class=\"fusion-rollover\">\n\t<div class=\"fusion-rollover-content\">\n\n\t\t\t\t\n\t\t\n\t\t\t\t\t\t\t\t\n\t\t\t\t\t\t\t\t\n\t\t\n\t\t\t\t\t\t<a class=\"fusion-link-wrapper\" href=\"https:\/\/iordel.com\/es\/treatment\/flamenco\/\" aria-label=\"Ciclo Flamenco y Danza\"><\/a>\n\t<\/div>\n<\/div>\n<\/div>\n<h4 class=\"fusion-carousel-title\"><a href=\"https:\/\/iordel.com\/es\/treatment\/flamenco\/\" target=\"_self\">Series Flamenco y Danza<\/a><\/h4><div class=\"fusion-carousel-meta\"><a href=\"https:\/\/iordel.com\/es\/portfolio_category\/series\/\" rel=\"tag\">Las Series<\/a><\/div><\/div><\/div><div class=\"swiper-slide\"><div class=\"fusion-carousel-item-wrapper\"><span class=\"entry-title rich-snippet-hidden\">Serie Costa de la Luz<\/span><span class=\"vcard rich-snippet-hidden\"><span class=\"fn\"><a href=\"https:\/\/iordel.com\/es\/author\/jdc343_uzf2t41j\/\" title=\"Entradas de admin\" rel=\"author\">administraci\u00f3n<\/a><\/span><\/span><span class=\"updated rich-snippet-hidden\">2022-09-13T18:35:34+01:00<\/span><div  class=\"fusion-image-wrapper\" aria-haspopup=\"true\">\n\t\t\t\t<img decoding=\"async\" width=\"1000\" height=\"1100\" src=\"https:\/\/iordel.com\/wp-content\/uploads\/2016\/08\/Series-Tarifa.jpg\" class=\"attachment-full size-full wp-post-image\" alt=\"\" srcset=\"https:\/\/iordel.com\/wp-content\/uploads\/2016\/08\/Series-Tarifa-200x220.jpg 200w, https:\/\/iordel.com\/wp-content\/uploads\/2016\/08\/Series-Tarifa-400x440.jpg 400w, https:\/\/iordel.com\/wp-content\/uploads\/2016\/08\/Series-Tarifa-600x660.jpg 600w, https:\/\/iordel.com\/wp-content\/uploads\/2016\/08\/Series-Tarifa-800x880.jpg 800w, https:\/\/iordel.com\/wp-content\/uploads\/2016\/08\/Series-Tarifa.jpg 1000w\" sizes=\"(min-width: 2200px) 100vw, (min-width: 928px) 232px, (min-width: 856px) 291px, (min-width: 784px) 387px, (min-width: 712px) 581px, (min-width: 640px) 712px, \" \/><div class=\"fusion-rollover\">\n\t<div class=\"fusion-rollover-content\">\n\n\t\t\t\t\n\t\t\n\t\t\t\t\t\t\t\t\n\t\t\t\t\t\t\t\t\n\t\t\n\t\t\t\t\t\t<a class=\"fusion-link-wrapper\" href=\"https:\/\/iordel.com\/es\/treatment\/costa-de-la-luz\/\" aria-label=\"Serie Costa de la Luz\"><\/a>\n\t<\/div>\n<\/div>\n<\/div>\n<h4 class=\"fusion-carousel-title\"><a href=\"https:\/\/iordel.com\/es\/treatment\/costa-de-la-luz\/\" target=\"_self\">Serie Costa de la Luz<\/a><\/h4><div class=\"fusion-carousel-meta\"><a href=\"https:\/\/iordel.com\/es\/portfolio_category\/series\/\" rel=\"tag\">Las Series<\/a><\/div><\/div><\/div><div class=\"swiper-slide\"><div class=\"fusion-carousel-item-wrapper\"><span class=\"entry-title rich-snippet-hidden\">Serie Costa del Sol<\/span><span class=\"vcard rich-snippet-hidden\"><span class=\"fn\"><a href=\"https:\/\/iordel.com\/es\/author\/jdc343_uzf2t41j\/\" title=\"Entradas de admin\" rel=\"author\">administraci\u00f3n<\/a><\/span><\/span><span class=\"updated rich-snippet-hidden\">2021-11-24T16: 42: 12 + 01: 00<\/span><div  class=\"fusion-image-wrapper\" aria-haspopup=\"true\">\n\t\t\t\t<img decoding=\"async\" width=\"1000\" height=\"1100\" src=\"https:\/\/iordel.com\/wp-content\/uploads\/2016\/08\/Series-CSol2.jpg\" class=\"attachment-full size-full wp-post-image\" alt=\"\" srcset=\"https:\/\/iordel.com\/wp-content\/uploads\/2016\/08\/Series-CSol2-200x220.jpg 200w, https:\/\/iordel.com\/wp-content\/uploads\/2016\/08\/Series-CSol2-400x440.jpg 400w, https:\/\/iordel.com\/wp-content\/uploads\/2016\/08\/Series-CSol2-600x660.jpg 600w, https:\/\/iordel.com\/wp-content\/uploads\/2016\/08\/Series-CSol2-800x880.jpg 800w, https:\/\/iordel.com\/wp-content\/uploads\/2016\/08\/Series-CSol2.jpg 1000w\" sizes=\"(min-width: 2200px) 100vw, (min-width: 928px) 232px, (min-width: 856px) 291px, (min-width: 784px) 387px, (min-width: 712px) 581px, (min-width: 640px) 712px, \" \/><div class=\"fusion-rollover\">\n\t<div class=\"fusion-rollover-content\">\n\n\t\t\t\t\n\t\t\n\t\t\t\t\t\t\t\t\n\t\t\t\t\t\t\t\t\n\t\t\n\t\t\t\t\t\t<a class=\"fusion-link-wrapper\" href=\"https:\/\/iordel.com\/es\/treatment\/costa-del-sol\/\" aria-label=\"Serie Costa del Sol\"><\/a>\n\t<\/div>\n<\/div>\n<\/div>\n<h4 class=\"fusion-carousel-title\"><a href=\"https:\/\/iordel.com\/es\/treatment\/costa-del-sol\/\" target=\"_self\">Serie Costa del Sol<\/a><\/h4><div class=\"fusion-carousel-meta\"><a href=\"https:\/\/iordel.com\/es\/portfolio_category\/series\/\" rel=\"tag\">Las Series<\/a><\/div><\/div><\/div><div class=\"swiper-slide\"><div class=\"fusion-carousel-item-wrapper\"><span class=\"entry-title rich-snippet-hidden\">Otras Pinturas<\/span><span class=\"vcard rich-snippet-hidden\"><span class=\"fn\"><a href=\"https:\/\/iordel.com\/es\/author\/jdc343_uzf2t41j\/\" title=\"Entradas de admin\" rel=\"author\">administraci\u00f3n<\/a><\/span><\/span><span class=\"updated rich-snippet-hidden\">2021-11-23T12: 13: 34 + 01: 00<\/span><div  class=\"fusion-image-wrapper\" aria-haspopup=\"true\">\n\t\t\t\t<img decoding=\"async\" width=\"1000\" height=\"1100\" src=\"https:\/\/iordel.com\/wp-content\/uploads\/2016\/08\/Series-Misc.jpg\" class=\"attachment-full size-full wp-post-image\" alt=\"\" srcset=\"https:\/\/iordel.com\/wp-content\/uploads\/2016\/08\/Series-Misc-200x220.jpg 200w, https:\/\/iordel.com\/wp-content\/uploads\/2016\/08\/Series-Misc-400x440.jpg 400w, https:\/\/iordel.com\/wp-content\/uploads\/2016\/08\/Series-Misc-600x660.jpg 600w, https:\/\/iordel.com\/wp-content\/uploads\/2016\/08\/Series-Misc-800x880.jpg 800w, https:\/\/iordel.com\/wp-content\/uploads\/2016\/08\/Series-Misc.jpg 1000w\" sizes=\"(min-width: 2200px) 100vw, (min-width: 928px) 232px, (min-width: 856px) 291px, (min-width: 784px) 387px, (min-width: 712px) 581px, (min-width: 640px) 712px, \" \/><div class=\"fusion-rollover\">\n\t<div class=\"fusion-rollover-content\">\n\n\t\t\t\t\n\t\t\n\t\t\t\t\t\t\t\t\n\t\t\t\t\t\t\t\t\n\t\t\n\t\t\t\t\t\t<a class=\"fusion-link-wrapper\" href=\"https:\/\/iordel.com\/es\/treatment\/other\/\" aria-label=\"Otras Pinturas\"><\/a>\n\t<\/div>\n<\/div>\n<\/div>\n<h4 class=\"fusion-carousel-title\"><a href=\"https:\/\/iordel.com\/es\/treatment\/other\/\" target=\"_self\">Otras Pinturas<\/a><\/h4><div class=\"fusion-carousel-meta\"><a href=\"https:\/\/iordel.com\/es\/portfolio_category\/other\/\" rel=\"tag\">Otro<\/a><\/div><\/div><\/div><div class=\"swiper-slide\"><div class=\"fusion-carousel-item-wrapper\"><span class=\"entry-title rich-snippet-hidden\">Lo \u00daltimo<\/span><span class=\"vcard rich-snippet-hidden\"><span class=\"fn\"><a href=\"https:\/\/iordel.com\/es\/author\/jdc343_uzf2t41j\/\" title=\"Entradas de admin\" rel=\"author\">administraci\u00f3n<\/a><\/span><\/span><span class=\"updated rich-snippet-hidden\">2021-12-20T13: 59: 36 + 01: 00<\/span><div  class=\"fusion-image-wrapper\" aria-haspopup=\"true\">\n\t\t\t\t<img decoding=\"async\" width=\"1000\" height=\"1100\" src=\"https:\/\/iordel.com\/wp-content\/uploads\/2016\/08\/LATEST.jpg\" class=\"attachment-full size-full wp-post-image\" alt=\"\" srcset=\"https:\/\/iordel.com\/wp-content\/uploads\/2016\/08\/LATEST-200x220.jpg 200w, https:\/\/iordel.com\/wp-content\/uploads\/2016\/08\/LATEST-400x440.jpg 400w, https:\/\/iordel.com\/wp-content\/uploads\/2016\/08\/LATEST-600x660.jpg 600w, https:\/\/iordel.com\/wp-content\/uploads\/2016\/08\/LATEST-800x880.jpg 800w, https:\/\/iordel.com\/wp-content\/uploads\/2016\/08\/LATEST.jpg 1000w\" sizes=\"(min-width: 2200px) 100vw, (min-width: 928px) 232px, (min-width: 856px) 291px, (min-width: 784px) 387px, (min-width: 712px) 581px, (min-width: 640px) 712px, \" \/><div class=\"fusion-rollover\">\n\t<div class=\"fusion-rollover-content\">\n\n\t\t\t\t\n\t\t\n\t\t\t\t\t\t\t\t\n\t\t\t\t\t\t\t\t\n\t\t\n\t\t\t\t\t\t<a class=\"fusion-link-wrapper\" href=\"https:\/\/iordel.com\/es\/treatment\/latest\/\" aria-label=\"Lo \u00daltimo\"><\/a>\n\t<\/div>\n<\/div>\n<\/div>\n<h4 class=\"fusion-carousel-title\"><a href=\"https:\/\/iordel.com\/es\/treatment\/latest\/\" target=\"_self\">Lo \u00daltimo<\/a><\/h4><div class=\"fusion-carousel-meta\"><a href=\"https:\/\/iordel.com\/es\/portfolio_category\/other\/\" rel=\"tag\">Otro<\/a><\/div><\/div><\/div><\/div><div class=\"awb-swiper-button awb-swiper-button-prev\"><i class=\"awb-icon-angle-left\" aria-hidden=\"true\"><\/i><\/div><div class=\"awb-swiper-button awb-swiper-button-next\"><i class=\"awb-icon-angle-right\" aria-hidden=\"true\"><\/i><\/div><\/div><\/div><div class=\"fusion-recent-works fusion-portfolio-element fusion-portfolio fusion-portfolio-2 fusion-portfolio-carousel fusion-portfolio-paging-pagination fusion-no-medium-visibility fusion-no-large-visibility recent-works-carousel portfolio-carousel picture-size-auto fusion-portfolio-rollover fusion-animated\" data-id=\"-rw-2\" data-animationtype=\"fadeInLeft\" data-animationduration=\"0.3\" data-animationoffset=\"top-into-view\"><div class=\"awb-carousel awb-swiper awb-swiper-carousel fusion-carousel-title-below-image\" style=\"--awb-columns:2;\" data-metacontent=\"yes\" data-autoplay=\"yes\" data-columns=\"2\" data-itemmargin=\"2\" data-itemwidth=\"180\" data-touchscroll=\"yes\" data-imagesize=\"auto\"><div class=\"swiper-wrapper\"><div class=\"swiper-slide\"><div class=\"fusion-carousel-item-wrapper\"><span class=\"entry-title rich-snippet-hidden\">Series Gibraltar y Campo<\/span><span class=\"vcard rich-snippet-hidden\"><span class=\"fn\"><a href=\"https:\/\/iordel.com\/es\/author\/jdc343_uzf2t41j\/\" title=\"Entradas de admin\" rel=\"author\">administraci\u00f3n<\/a><\/span><\/span><span class=\"updated rich-snippet-hidden\">2024-02-23T12:59:02+01:00<\/span><div  class=\"fusion-image-wrapper\" aria-haspopup=\"true\">\n\t\t\t\t<img decoding=\"async\" width=\"1000\" height=\"1100\" src=\"https:\/\/iordel.com\/wp-content\/uploads\/2016\/08\/Series-Gib.jpg\" class=\"attachment-full size-full wp-post-image\" alt=\"\" srcset=\"https:\/\/iordel.com\/wp-content\/uploads\/2016\/08\/Series-Gib-200x220.jpg 200w, https:\/\/iordel.com\/wp-content\/uploads\/2016\/08\/Series-Gib-400x440.jpg 400w, https:\/\/iordel.com\/wp-content\/uploads\/2016\/08\/Series-Gib-600x660.jpg 600w, https:\/\/iordel.com\/wp-content\/uploads\/2016\/08\/Series-Gib-800x880.jpg 800w, https:\/\/iordel.com\/wp-content\/uploads\/2016\/08\/Series-Gib.jpg 1000w\" sizes=\"(min-width: 2200px) 100vw, (min-width: 712px) 584px, (min-width: 640px) 712px, \" \/><div class=\"fusion-rollover\">\n\t<div class=\"fusion-rollover-content\">\n\n\t\t\t\t\n\t\t\n\t\t\t\t\t\t\t\t\n\t\t\t\t\t\t\t\t\n\t\t\n\t\t\t\t\t\t<a class=\"fusion-link-wrapper\" href=\"https:\/\/iordel.com\/es\/treatment\/gibraltarandcampo\/\" aria-label=\"Serie Gibraltar y Campo\"><\/a>\n\t<\/div>\n<\/div>\n<\/div>\n<h4 class=\"fusion-carousel-title\"><a href=\"https:\/\/iordel.com\/es\/treatment\/gibraltarandcampo\/\" target=\"_self\">Series Gibraltar y Campo<\/a><\/h4><div class=\"fusion-carousel-meta\"><a href=\"https:\/\/iordel.com\/es\/portfolio_category\/series\/\" rel=\"tag\">Las Series<\/a><\/div><\/div><\/div><div class=\"swiper-slide\"><div class=\"fusion-carousel-item-wrapper\"><span class=\"entry-title rich-snippet-hidden\">Serie de Golf Surrealista<\/span><span class=\"vcard rich-snippet-hidden\"><span class=\"fn\"><a href=\"https:\/\/iordel.com\/es\/author\/jdc343_uzf2t41j\/\" title=\"Entradas de admin\" rel=\"author\">administraci\u00f3n<\/a><\/span><\/span><span class=\"updated rich-snippet-hidden\">2024-02-23T12:58:53+01:00<\/span><div  class=\"fusion-image-wrapper\" aria-haspopup=\"true\">\n\t\t\t\t<img decoding=\"async\" width=\"1000\" height=\"1100\" src=\"https:\/\/iordel.com\/wp-content\/uploads\/2016\/08\/Series-Golf.jpg\" class=\"attachment-full size-full wp-post-image\" alt=\"\" srcset=\"https:\/\/iordel.com\/wp-content\/uploads\/2016\/08\/Series-Golf-200x220.jpg 200w, https:\/\/iordel.com\/wp-content\/uploads\/2016\/08\/Series-Golf-400x440.jpg 400w, https:\/\/iordel.com\/wp-content\/uploads\/2016\/08\/Series-Golf-600x660.jpg 600w, https:\/\/iordel.com\/wp-content\/uploads\/2016\/08\/Series-Golf-800x880.jpg 800w, https:\/\/iordel.com\/wp-content\/uploads\/2016\/08\/Series-Golf.jpg 1000w\" sizes=\"(min-width: 2200px) 100vw, (min-width: 712px) 584px, (min-width: 640px) 712px, \" \/><div class=\"fusion-rollover\">\n\t<div class=\"fusion-rollover-content\">\n\n\t\t\t\t\n\t\t\n\t\t\t\t\t\t\t\t\n\t\t\t\t\t\t\t\t\n\t\t\n\t\t\t\t\t\t<a class=\"fusion-link-wrapper\" href=\"https:\/\/iordel.com\/es\/treatment\/surrealgolf\/\" aria-label=\"Serie de Golf Surrealista\"><\/a>\n\t<\/div>\n<\/div>\n<\/div>\n<h4 class=\"fusion-carousel-title\"><a href=\"https:\/\/iordel.com\/es\/treatment\/surrealgolf\/\" target=\"_self\">Serie de Golf Surrealista<\/a><\/h4><div class=\"fusion-carousel-meta\"><a href=\"https:\/\/iordel.com\/es\/portfolio_category\/series\/\" rel=\"tag\">Las Series<\/a><\/div><\/div><\/div><div class=\"swiper-slide\"><div class=\"fusion-carousel-item-wrapper\"><span class=\"entry-title rich-snippet-hidden\">Serie de M\u00fasica<\/span><span class=\"vcard rich-snippet-hidden\"><span class=\"fn\"><a href=\"https:\/\/iordel.com\/es\/author\/jdc343_uzf2t41j\/\" title=\"Entradas de admin\" rel=\"author\">administraci\u00f3n<\/a><\/span><\/span><span class=\"updated rich-snippet-hidden\">2024-02-23T12:58:47+01:00<\/span><div  class=\"fusion-image-wrapper\" aria-haspopup=\"true\">\n\t\t\t\t<img decoding=\"async\" width=\"1000\" height=\"1100\" src=\"https:\/\/iordel.com\/wp-content\/uploads\/2016\/08\/Series-Music.jpg\" class=\"attachment-full size-full wp-post-image\" alt=\"\" srcset=\"https:\/\/iordel.com\/wp-content\/uploads\/2016\/08\/Series-Music-200x220.jpg 200w, https:\/\/iordel.com\/wp-content\/uploads\/2016\/08\/Series-Music-400x440.jpg 400w, https:\/\/iordel.com\/wp-content\/uploads\/2016\/08\/Series-Music-600x660.jpg 600w, https:\/\/iordel.com\/wp-content\/uploads\/2016\/08\/Series-Music-800x880.jpg 800w, https:\/\/iordel.com\/wp-content\/uploads\/2016\/08\/Series-Music.jpg 1000w\" sizes=\"(min-width: 2200px) 100vw, (min-width: 712px) 584px, (min-width: 640px) 712px, \" \/><div class=\"fusion-rollover\">\n\t<div class=\"fusion-rollover-content\">\n\n\t\t\t\t\n\t\t\n\t\t\t\t\t\t\t\t\n\t\t\t\t\t\t\t\t\n\t\t\n\t\t\t\t\t\t<a class=\"fusion-link-wrapper\" href=\"https:\/\/iordel.com\/es\/treatment\/music_series\/\" aria-label=\"Serie de M\u00fasica\"><\/a>\n\t<\/div>\n<\/div>\n<\/div>\n<h4 class=\"fusion-carousel-title\"><a href=\"https:\/\/iordel.com\/es\/treatment\/music_series\/\" target=\"_self\">Serie de M\u00fasica<\/a><\/h4><div class=\"fusion-carousel-meta\"><a href=\"https:\/\/iordel.com\/es\/portfolio_category\/series\/\" rel=\"tag\">Las Series<\/a><\/div><\/div><\/div><div class=\"swiper-slide\"><div class=\"fusion-carousel-item-wrapper\"><span class=\"entry-title rich-snippet-hidden\">Series Flamenco y Danza<\/span><span class=\"vcard rich-snippet-hidden\"><span class=\"fn\"><a href=\"https:\/\/iordel.com\/es\/author\/jdc343_uzf2t41j\/\" title=\"Entradas de admin\" rel=\"author\">administraci\u00f3n<\/a><\/span><\/span><span class=\"updated rich-snippet-hidden\">2024-02-23T12:58:14+01:00<\/span><div  class=\"fusion-image-wrapper\" aria-haspopup=\"true\">\n\t\t\t\t<img decoding=\"async\" width=\"1000\" height=\"1100\" src=\"https:\/\/iordel.com\/wp-content\/uploads\/2016\/08\/Series-Flamenco.jpg\" class=\"attachment-full size-full wp-post-image\" alt=\"\" srcset=\"https:\/\/iordel.com\/wp-content\/uploads\/2016\/08\/Series-Flamenco-200x220.jpg 200w, https:\/\/iordel.com\/wp-content\/uploads\/2016\/08\/Series-Flamenco-400x440.jpg 400w, https:\/\/iordel.com\/wp-content\/uploads\/2016\/08\/Series-Flamenco-600x660.jpg 600w, https:\/\/iordel.com\/wp-content\/uploads\/2016\/08\/Series-Flamenco-800x880.jpg 800w, https:\/\/iordel.com\/wp-content\/uploads\/2016\/08\/Series-Flamenco.jpg 1000w\" sizes=\"(min-width: 2200px) 100vw, (min-width: 712px) 584px, (min-width: 640px) 712px, \" \/><div class=\"fusion-rollover\">\n\t<div class=\"fusion-rollover-content\">\n\n\t\t\t\t\n\t\t\n\t\t\t\t\t\t\t\t\n\t\t\t\t\t\t\t\t\n\t\t\n\t\t\t\t\t\t<a class=\"fusion-link-wrapper\" href=\"https:\/\/iordel.com\/es\/treatment\/flamenco\/\" aria-label=\"Ciclo Flamenco y Danza\"><\/a>\n\t<\/div>\n<\/div>\n<\/div>\n<h4 class=\"fusion-carousel-title\"><a href=\"https:\/\/iordel.com\/es\/treatment\/flamenco\/\" target=\"_self\">Series Flamenco y Danza<\/a><\/h4><div class=\"fusion-carousel-meta\"><a href=\"https:\/\/iordel.com\/es\/portfolio_category\/series\/\" rel=\"tag\">Las Series<\/a><\/div><\/div><\/div><div class=\"swiper-slide\"><div class=\"fusion-carousel-item-wrapper\"><span class=\"entry-title rich-snippet-hidden\">Serie Costa de la Luz<\/span><span class=\"vcard rich-snippet-hidden\"><span class=\"fn\"><a href=\"https:\/\/iordel.com\/es\/author\/jdc343_uzf2t41j\/\" title=\"Entradas de admin\" rel=\"author\">administraci\u00f3n<\/a><\/span><\/span><span class=\"updated rich-snippet-hidden\">2022-09-13T18:35:34+01:00<\/span><div  class=\"fusion-image-wrapper\" aria-haspopup=\"true\">\n\t\t\t\t<img decoding=\"async\" width=\"1000\" height=\"1100\" src=\"https:\/\/iordel.com\/wp-content\/uploads\/2016\/08\/Series-Tarifa.jpg\" class=\"attachment-full size-full wp-post-image\" alt=\"\" srcset=\"https:\/\/iordel.com\/wp-content\/uploads\/2016\/08\/Series-Tarifa-200x220.jpg 200w, https:\/\/iordel.com\/wp-content\/uploads\/2016\/08\/Series-Tarifa-400x440.jpg 400w, https:\/\/iordel.com\/wp-content\/uploads\/2016\/08\/Series-Tarifa-600x660.jpg 600w, https:\/\/iordel.com\/wp-content\/uploads\/2016\/08\/Series-Tarifa-800x880.jpg 800w, https:\/\/iordel.com\/wp-content\/uploads\/2016\/08\/Series-Tarifa.jpg 1000w\" sizes=\"(min-width: 2200px) 100vw, (min-width: 712px) 584px, (min-width: 640px) 712px, \" \/><div class=\"fusion-rollover\">\n\t<div class=\"fusion-rollover-content\">\n\n\t\t\t\t\n\t\t\n\t\t\t\t\t\t\t\t\n\t\t\t\t\t\t\t\t\n\t\t\n\t\t\t\t\t\t<a class=\"fusion-link-wrapper\" href=\"https:\/\/iordel.com\/es\/treatment\/costa-de-la-luz\/\" aria-label=\"Serie Costa de la Luz\"><\/a>\n\t<\/div>\n<\/div>\n<\/div>\n<h4 class=\"fusion-carousel-title\"><a href=\"https:\/\/iordel.com\/es\/treatment\/costa-de-la-luz\/\" target=\"_self\">Serie Costa de la Luz<\/a><\/h4><div class=\"fusion-carousel-meta\"><a href=\"https:\/\/iordel.com\/es\/portfolio_category\/series\/\" rel=\"tag\">Las Series<\/a><\/div><\/div><\/div><div class=\"swiper-slide\"><div class=\"fusion-carousel-item-wrapper\"><span class=\"entry-title rich-snippet-hidden\">Serie Costa del Sol<\/span><span class=\"vcard rich-snippet-hidden\"><span class=\"fn\"><a href=\"https:\/\/iordel.com\/es\/author\/jdc343_uzf2t41j\/\" title=\"Entradas de admin\" rel=\"author\">administraci\u00f3n<\/a><\/span><\/span><span class=\"updated rich-snippet-hidden\">2021-11-24T16: 42: 12 + 01: 00<\/span><div  class=\"fusion-image-wrapper\" aria-haspopup=\"true\">\n\t\t\t\t<img decoding=\"async\" width=\"1000\" height=\"1100\" src=\"https:\/\/iordel.com\/wp-content\/uploads\/2016\/08\/Series-CSol2.jpg\" class=\"attachment-full size-full wp-post-image\" alt=\"\" srcset=\"https:\/\/iordel.com\/wp-content\/uploads\/2016\/08\/Series-CSol2-200x220.jpg 200w, https:\/\/iordel.com\/wp-content\/uploads\/2016\/08\/Series-CSol2-400x440.jpg 400w, https:\/\/iordel.com\/wp-content\/uploads\/2016\/08\/Series-CSol2-600x660.jpg 600w, https:\/\/iordel.com\/wp-content\/uploads\/2016\/08\/Series-CSol2-800x880.jpg 800w, https:\/\/iordel.com\/wp-content\/uploads\/2016\/08\/Series-CSol2.jpg 1000w\" sizes=\"(min-width: 2200px) 100vw, (min-width: 712px) 584px, (min-width: 640px) 712px, \" \/><div class=\"fusion-rollover\">\n\t<div class=\"fusion-rollover-content\">\n\n\t\t\t\t\n\t\t\n\t\t\t\t\t\t\t\t\n\t\t\t\t\t\t\t\t\n\t\t\n\t\t\t\t\t\t<a class=\"fusion-link-wrapper\" href=\"https:\/\/iordel.com\/es\/treatment\/costa-del-sol\/\" aria-label=\"Serie Costa del Sol\"><\/a>\n\t<\/div>\n<\/div>\n<\/div>\n<h4 class=\"fusion-carousel-title\"><a href=\"https:\/\/iordel.com\/es\/treatment\/costa-del-sol\/\" target=\"_self\">Serie Costa del Sol<\/a><\/h4><div class=\"fusion-carousel-meta\"><a href=\"https:\/\/iordel.com\/es\/portfolio_category\/series\/\" rel=\"tag\">Las Series<\/a><\/div><\/div><\/div><div class=\"swiper-slide\"><div class=\"fusion-carousel-item-wrapper\"><span class=\"entry-title rich-snippet-hidden\">Otras Pinturas<\/span><span class=\"vcard rich-snippet-hidden\"><span class=\"fn\"><a href=\"https:\/\/iordel.com\/es\/author\/jdc343_uzf2t41j\/\" title=\"Entradas de admin\" rel=\"author\">administraci\u00f3n<\/a><\/span><\/span><span class=\"updated rich-snippet-hidden\">2021-11-23T12: 13: 34 + 01: 00<\/span><div  class=\"fusion-image-wrapper\" aria-haspopup=\"true\">\n\t\t\t\t<img decoding=\"async\" width=\"1000\" height=\"1100\" src=\"https:\/\/iordel.com\/wp-content\/uploads\/2016\/08\/Series-Misc.jpg\" class=\"attachment-full size-full wp-post-image\" alt=\"\" srcset=\"https:\/\/iordel.com\/wp-content\/uploads\/2016\/08\/Series-Misc-200x220.jpg 200w, https:\/\/iordel.com\/wp-content\/uploads\/2016\/08\/Series-Misc-400x440.jpg 400w, https:\/\/iordel.com\/wp-content\/uploads\/2016\/08\/Series-Misc-600x660.jpg 600w, https:\/\/iordel.com\/wp-content\/uploads\/2016\/08\/Series-Misc-800x880.jpg 800w, https:\/\/iordel.com\/wp-content\/uploads\/2016\/08\/Series-Misc.jpg 1000w\" sizes=\"(min-width: 2200px) 100vw, (min-width: 712px) 584px, (min-width: 640px) 712px, \" \/><div class=\"fusion-rollover\">\n\t<div class=\"fusion-rollover-content\">\n\n\t\t\t\t\n\t\t\n\t\t\t\t\t\t\t\t\n\t\t\t\t\t\t\t\t\n\t\t\n\t\t\t\t\t\t<a class=\"fusion-link-wrapper\" href=\"https:\/\/iordel.com\/es\/treatment\/other\/\" aria-label=\"Otras Pinturas\"><\/a>\n\t<\/div>\n<\/div>\n<\/div>\n<h4 class=\"fusion-carousel-title\"><a href=\"https:\/\/iordel.com\/es\/treatment\/other\/\" target=\"_self\">Otras Pinturas<\/a><\/h4><div class=\"fusion-carousel-meta\"><a href=\"https:\/\/iordel.com\/es\/portfolio_category\/other\/\" rel=\"tag\">Otro<\/a><\/div><\/div><\/div><div class=\"swiper-slide\"><div class=\"fusion-carousel-item-wrapper\"><span class=\"entry-title rich-snippet-hidden\">Lo \u00daltimo<\/span><span class=\"vcard rich-snippet-hidden\"><span class=\"fn\"><a href=\"https:\/\/iordel.com\/es\/author\/jdc343_uzf2t41j\/\" title=\"Entradas de admin\" rel=\"author\">administraci\u00f3n<\/a><\/span><\/span><span class=\"updated rich-snippet-hidden\">2021-12-20T13: 59: 36 + 01: 00<\/span><div  class=\"fusion-image-wrapper\" aria-haspopup=\"true\">\n\t\t\t\t<img decoding=\"async\" width=\"1000\" height=\"1100\" src=\"https:\/\/iordel.com\/wp-content\/uploads\/2016\/08\/LATEST.jpg\" class=\"attachment-full size-full wp-post-image\" alt=\"\" srcset=\"https:\/\/iordel.com\/wp-content\/uploads\/2016\/08\/LATEST-200x220.jpg 200w, https:\/\/iordel.com\/wp-content\/uploads\/2016\/08\/LATEST-400x440.jpg 400w, https:\/\/iordel.com\/wp-content\/uploads\/2016\/08\/LATEST-600x660.jpg 600w, https:\/\/iordel.com\/wp-content\/uploads\/2016\/08\/LATEST-800x880.jpg 800w, https:\/\/iordel.com\/wp-content\/uploads\/2016\/08\/LATEST.jpg 1000w\" sizes=\"(min-width: 2200px) 100vw, (min-width: 712px) 584px, (min-width: 640px) 712px, \" \/><div class=\"fusion-rollover\">\n\t<div class=\"fusion-rollover-content\">\n\n\t\t\t\t\n\t\t\n\t\t\t\t\t\t\t\t\n\t\t\t\t\t\t\t\t\n\t\t\n\t\t\t\t\t\t<a class=\"fusion-link-wrapper\" href=\"https:\/\/iordel.com\/es\/treatment\/latest\/\" aria-label=\"Lo \u00daltimo\"><\/a>\n\t<\/div>\n<\/div>\n<\/div>\n<h4 class=\"fusion-carousel-title\"><a href=\"https:\/\/iordel.com\/es\/treatment\/latest\/\" target=\"_self\">Lo \u00daltimo<\/a><\/h4><div class=\"fusion-carousel-meta\"><a href=\"https:\/\/iordel.com\/es\/portfolio_category\/other\/\" rel=\"tag\">Otro<\/a><\/div><\/div><\/div><\/div><div class=\"awb-swiper-button awb-swiper-button-prev\"><i class=\"awb-icon-angle-left\" aria-hidden=\"true\"><\/i><\/div><div class=\"awb-swiper-button awb-swiper-button-next\"><i class=\"awb-icon-angle-right\" aria-hidden=\"true\"><\/i><\/div><\/div><\/div><div class=\"fusion-separator fusion-full-width-sep\" style=\"align-self: center;margin-left: auto;margin-right: auto;margin-top:-10px;margin-bottom:10px;width:100%;\"><div class=\"fusion-separator-border sep-single\" style=\"--awb-height:20px;--awb-amount:20px;border-color:#b9afa1;border-top-width:1px;\"><\/div><\/div><div class=\"fusion-text fusion-text-2\"><p style=\"text-align: center;\"><span style=\"color: #b9afa1;\">Arte Caballero | iodel | Jorge Caballero | Arte Campo de Gibraltar y Gibraltar | Costa del Sol | Costa de la Luz | Flamenco y Danza | Golf surrealista | M\u00fasica<\/span><\/p>\n<\/div><div class=\"fusion-separator fusion-full-width-sep\" style=\"align-self: center;margin-left: auto;margin-right: auto;margin-top:0px;margin-bottom:10px;width:100%;\"><div class=\"fusion-separator-border sep-single\" style=\"--awb-height:20px;--awb-amount:20px;border-color:#b9afa1;border-top-width:1px;\"><\/div><\/div><\/div><\/div><\/div><\/div>\n<\/p>","protected":false},"excerpt":{"rendered":"<p>Estas son las \u00faltimas 20 pinturas.<\/p>","protected":false},"author":1,"featured_media":1796,"menu_order":0,"comment_status":"closed","ping_status":"closed","template":"","format":"gallery","meta":{"footnotes":""},"portfolio_category":[347],"portfolio_skills":[],"portfolio_tags":[],"class_list":["post-977","avada_portfolio","type-avada_portfolio","status-publish","format-gallery","has-post-thumbnail","hentry","portfolio_category-other"],"yoast_head":"<!-- This site is optimized with the Yoast SEO plugin v27.2 - https:\/\/yoast.com\/product\/yoast-seo-wordpress\/ -->\n<title>Latest - Arte Caballero<\/title>\n<meta name=\"description\" content=\"- These are the latest 20 paintings. -\" \/>\n<meta name=\"robots\" content=\"index, follow, max-snippet:-1, max-image-preview:large, max-video-preview:-1\" \/>\n<link rel=\"canonical\" href=\"https:\/\/iordel.com\/es\/treatment\/latest\/\" \/>\n<meta property=\"og:locale\" content=\"es_ES\" \/>\n<meta property=\"og:type\" content=\"article\" \/>\n<meta property=\"og:title\" content=\"Latest - Arte Caballero\" \/>\n<meta property=\"og:description\" content=\"- These are the latest 20 paintings. -\" \/>\n<meta property=\"og:url\" content=\"https:\/\/iordel.com\/es\/treatment\/latest\/\" \/>\n<meta property=\"og:site_name\" content=\"Arte Caballero\" \/>\n<meta property=\"article:publisher\" content=\"https:\/\/www.facebook.com\/arte.jorge.caballero\" \/>\n<meta property=\"article:modified_time\" content=\"2021-12-20T12:59:36+00:00\" \/>\n<meta property=\"og:image\" content=\"https:\/\/iordel.com\/wp-content\/uploads\/2016\/08\/LATEST.jpg\" \/>\n\t<meta property=\"og:image:width\" content=\"1000\" \/>\n\t<meta property=\"og:image:height\" content=\"1100\" \/>\n\t<meta property=\"og:image:type\" content=\"image\/jpeg\" \/>\n<meta name=\"twitter:card\" content=\"summary_large_image\" \/>\n<meta name=\"twitter:label1\" content=\"Tiempo de lectura\" \/>\n\t<meta name=\"twitter:data1\" content=\"4 minutos\" \/>\n<script type=\"application\/ld+json\" class=\"yoast-schema-graph\">{\"@context\":\"https:\/\/schema.org\",\"@graph\":[{\"@type\":\"WebPage\",\"@id\":\"https:\/\/iordel.com\/es\/treatment\/latest\/\",\"url\":\"https:\/\/iordel.com\/es\/treatment\/latest\/\",\"name\":\"Latest - Arte Caballero\",\"isPartOf\":{\"@id\":\"https:\/\/iordel.com\/es\/#website\"},\"primaryImageOfPage\":{\"@id\":\"https:\/\/iordel.com\/es\/treatment\/latest\/#primaryimage\"},\"image\":{\"@id\":\"https:\/\/iordel.com\/es\/treatment\/latest\/#primaryimage\"},\"thumbnailUrl\":\"https:\/\/iordel.com\/wp-content\/uploads\/2016\/08\/LATEST.jpg\",\"datePublished\":\"2016-08-03T15:45:48+00:00\",\"dateModified\":\"2021-12-20T12:59:36+00:00\",\"description\":\"- These are the latest 20 paintings. -\",\"breadcrumb\":{\"@id\":\"https:\/\/iordel.com\/es\/treatment\/latest\/#breadcrumb\"},\"inLanguage\":\"es\",\"potentialAction\":[{\"@type\":\"ReadAction\",\"target\":[\"https:\/\/iordel.com\/es\/treatment\/latest\/\"]}]},{\"@type\":\"ImageObject\",\"inLanguage\":\"es\",\"@id\":\"https:\/\/iordel.com\/es\/treatment\/latest\/#primaryimage\",\"url\":\"https:\/\/iordel.com\/wp-content\/uploads\/2016\/08\/LATEST.jpg\",\"contentUrl\":\"https:\/\/iordel.com\/wp-content\/uploads\/2016\/08\/LATEST.jpg\",\"width\":1000,\"height\":1100},{\"@type\":\"BreadcrumbList\",\"@id\":\"https:\/\/iordel.com\/es\/treatment\/latest\/#breadcrumb\",\"itemListElement\":[{\"@type\":\"ListItem\",\"position\":1,\"name\":\"Home\",\"item\":\"https:\/\/iordel.com\/\"},{\"@type\":\"ListItem\",\"position\":2,\"name\":\"Portfolio\",\"item\":\"https:\/\/iordel.com\/es\/treatment\/\"},{\"@type\":\"ListItem\",\"position\":3,\"name\":\"Latest\"}]},{\"@type\":\"WebSite\",\"@id\":\"https:\/\/iordel.com\/es\/#website\",\"url\":\"https:\/\/iordel.com\/es\/\",\"name\":\"Arte Caballero\",\"description\":\"iordel - Jorge Caballero\",\"publisher\":{\"@id\":\"https:\/\/iordel.com\/es\/#organization\"},\"potentialAction\":[{\"@type\":\"SearchAction\",\"target\":{\"@type\":\"EntryPoint\",\"urlTemplate\":\"https:\/\/iordel.com\/es\/?s={search_term_string}\"},\"query-input\":{\"@type\":\"PropertyValueSpecification\",\"valueRequired\":true,\"valueName\":\"search_term_string\"}}],\"inLanguage\":\"es\"},{\"@type\":\"Organization\",\"@id\":\"https:\/\/iordel.com\/es\/#organization\",\"name\":\"Arte Caballero\",\"url\":\"https:\/\/iordel.com\/es\/\",\"logo\":{\"@type\":\"ImageObject\",\"inLanguage\":\"es\",\"@id\":\"https:\/\/iordel.com\/es\/#\/schema\/logo\/image\/\",\"url\":\"https:\/\/i0.wp.com\/iordel.com\/wp-content\/uploads\/2021\/04\/arte-Caballero-iordel-logo-retina.jpg?fit=342%2C70&ssl=1\",\"contentUrl\":\"https:\/\/i0.wp.com\/iordel.com\/wp-content\/uploads\/2021\/04\/arte-Caballero-iordel-logo-retina.jpg?fit=342%2C70&ssl=1\",\"width\":342,\"height\":70,\"caption\":\"Arte Caballero\"},\"image\":{\"@id\":\"https:\/\/iordel.com\/es\/#\/schema\/logo\/image\/\"},\"sameAs\":[\"https:\/\/www.facebook.com\/arte.jorge.caballero\",\"https:\/\/www.instagram.com\/arte.caballero\/\",\"https:\/\/www.youtube.com\/channel\/UCAqvOIzHCnEYXS-g4_CoqIQ\"]}]}<\/script>\n<!-- \/ Yoast SEO plugin. -->","yoast_head_json":{"title":"Latest - Arte Caballero","description":"- These are the latest 20 paintings. -","robots":{"index":"index","follow":"follow","max-snippet":"max-snippet:-1","max-image-preview":"max-image-preview:large","max-video-preview":"max-video-preview:-1"},"canonical":"https:\/\/iordel.com\/es\/treatment\/latest\/","og_locale":"es_ES","og_type":"article","og_title":"Latest - Arte Caballero","og_description":"- These are the latest 20 paintings. -","og_url":"https:\/\/iordel.com\/es\/treatment\/latest\/","og_site_name":"Arte Caballero","article_publisher":"https:\/\/www.facebook.com\/arte.jorge.caballero","article_modified_time":"2021-12-20T12:59:36+00:00","og_image":[{"width":1000,"height":1100,"url":"https:\/\/iordel.com\/wp-content\/uploads\/2016\/08\/LATEST.jpg","type":"image\/jpeg"}],"twitter_card":"summary_large_image","twitter_misc":{"Tiempo de lectura":"4 minutos"},"schema":{"@context":"https:\/\/schema.org","@graph":[{"@type":"WebPage","@id":"https:\/\/iordel.com\/es\/treatment\/latest\/","url":"https:\/\/iordel.com\/es\/treatment\/latest\/","name":"Latest - Arte Caballero","isPartOf":{"@id":"https:\/\/iordel.com\/es\/#website"},"primaryImageOfPage":{"@id":"https:\/\/iordel.com\/es\/treatment\/latest\/#primaryimage"},"image":{"@id":"https:\/\/iordel.com\/es\/treatment\/latest\/#primaryimage"},"thumbnailUrl":"https:\/\/iordel.com\/wp-content\/uploads\/2016\/08\/LATEST.jpg","datePublished":"2016-08-03T15:45:48+00:00","dateModified":"2021-12-20T12:59:36+00:00","description":"- These are the latest 20 paintings. -","breadcrumb":{"@id":"https:\/\/iordel.com\/es\/treatment\/latest\/#breadcrumb"},"inLanguage":"es","potentialAction":[{"@type":"ReadAction","target":["https:\/\/iordel.com\/es\/treatment\/latest\/"]}]},{"@type":"ImageObject","inLanguage":"es","@id":"https:\/\/iordel.com\/es\/treatment\/latest\/#primaryimage","url":"https:\/\/iordel.com\/wp-content\/uploads\/2016\/08\/LATEST.jpg","contentUrl":"https:\/\/iordel.com\/wp-content\/uploads\/2016\/08\/LATEST.jpg","width":1000,"height":1100},{"@type":"BreadcrumbList","@id":"https:\/\/iordel.com\/es\/treatment\/latest\/#breadcrumb","itemListElement":[{"@type":"ListItem","position":1,"name":"Home","item":"https:\/\/iordel.com\/"},{"@type":"ListItem","position":2,"name":"Portfolio","item":"https:\/\/iordel.com\/es\/treatment\/"},{"@type":"ListItem","position":3,"name":"Latest"}]},{"@type":"WebSite","@id":"https:\/\/iordel.com\/es\/#website","url":"https:\/\/iordel.com\/es\/","name":"Arte Caballero","description":"iordel - Jorge Caballero","publisher":{"@id":"https:\/\/iordel.com\/es\/#organization"},"potentialAction":[{"@type":"SearchAction","target":{"@type":"EntryPoint","urlTemplate":"https:\/\/iordel.com\/es\/?s={search_term_string}"},"query-input":{"@type":"PropertyValueSpecification","valueRequired":true,"valueName":"search_term_string"}}],"inLanguage":"es"},{"@type":"Organization","@id":"https:\/\/iordel.com\/es\/#organization","name":"Arte Caballero","url":"https:\/\/iordel.com\/es\/","logo":{"@type":"ImageObject","inLanguage":"es","@id":"https:\/\/iordel.com\/es\/#\/schema\/logo\/image\/","url":"https:\/\/i0.wp.com\/iordel.com\/wp-content\/uploads\/2021\/04\/arte-Caballero-iordel-logo-retina.jpg?fit=342%2C70&ssl=1","contentUrl":"https:\/\/i0.wp.com\/iordel.com\/wp-content\/uploads\/2021\/04\/arte-Caballero-iordel-logo-retina.jpg?fit=342%2C70&ssl=1","width":342,"height":70,"caption":"Arte Caballero"},"image":{"@id":"https:\/\/iordel.com\/es\/#\/schema\/logo\/image\/"},"sameAs":["https:\/\/www.facebook.com\/arte.jorge.caballero","https:\/\/www.instagram.com\/arte.caballero\/","https:\/\/www.youtube.com\/channel\/UCAqvOIzHCnEYXS-g4_CoqIQ"]}]}},"_links":{"self":[{"href":"https:\/\/iordel.com\/es\/wp-json\/wp\/v2\/avada_portfolio\/977","targetHints":{"allow":["GET"]}}],"collection":[{"href":"https:\/\/iordel.com\/es\/wp-json\/wp\/v2\/avada_portfolio"}],"about":[{"href":"https:\/\/iordel.com\/es\/wp-json\/wp\/v2\/types\/avada_portfolio"}],"author":[{"embeddable":true,"href":"https:\/\/iordel.com\/es\/wp-json\/wp\/v2\/users\/1"}],"replies":[{"embeddable":true,"href":"https:\/\/iordel.com\/es\/wp-json\/wp\/v2\/comments?post=977"}],"version-history":[{"count":0,"href":"https:\/\/iordel.com\/es\/wp-json\/wp\/v2\/avada_portfolio\/977\/revisions"}],"wp:featuredmedia":[{"embeddable":true,"href":"https:\/\/iordel.com\/es\/wp-json\/wp\/v2\/media\/1796"}],"wp:attachment":[{"href":"https:\/\/iordel.com\/es\/wp-json\/wp\/v2\/media?parent=977"}],"wp:term":[{"taxonomy":"portfolio_category","embeddable":true,"href":"https:\/\/iordel.com\/es\/wp-json\/wp\/v2\/portfolio_category?post=977"},{"taxonomy":"portfolio_skills","embeddable":true,"href":"https:\/\/iordel.com\/es\/wp-json\/wp\/v2\/portfolio_skills?post=977"},{"taxonomy":"portfolio_tags","embeddable":true,"href":"https:\/\/iordel.com\/es\/wp-json\/wp\/v2\/portfolio_tags?post=977"}],"curies":[{"name":"wp","href":"https:\/\/api.w.org\/{rel}","templated":true}]}}